{"id":3988,"date":"2025-09-28T09:17:59","date_gmt":"2025-09-28T07:17:59","guid":{"rendered":"https:\/\/hmcc.fr\/?page_id=3988"},"modified":"2025-09-28T09:43:38","modified_gmt":"2025-09-28T07:43:38","slug":"catalogue-des-services-2","status":"publish","type":"page","link":"https:\/\/hmcc.fr\/?page_id=3988","title":{"rendered":"Facturation Electronique"},"content":{"rendered":"\n<style type=\"text\/css\" data-created_by=\"avia_inline_auto\" id=\"style-css-av-fu34nd-a599128b32dfadb4be56878a6bd911d9\">\n#top .flex_column.av-fu34nd-a599128b32dfadb4be56878a6bd911d9{\nmargin-top:0px;\nmargin-bottom:0px;\n}\n.flex_column.av-fu34nd-a599128b32dfadb4be56878a6bd911d9{\nborder-radius:0px 0px 0px 0px;\npadding:0px 0px 0px 0px;\n}\n.responsive #top #wrap_all .flex_column.av-fu34nd-a599128b32dfadb4be56878a6bd911d9{\nmargin-top:0px;\nmargin-bottom:0px;\n}\n<\/style>\n<div  class='flex_column av-fu34nd-a599128b32dfadb4be56878a6bd911d9 av_one_full  avia-builder-el-0  el_before_av_one_full  avia-builder-el-first  first flex_column_div av-animated-generic bottom-to-top av-zero-column-padding  '     ><p>\n<style type=\"text\/css\" data-created_by=\"avia_inline_auto\" id=\"style-css-av-kgbynlpk-d85844918fd8a010b4185e6bfa941b3e\">\n#top .av-special-heading.av-kgbynlpk-d85844918fd8a010b4185e6bfa941b3e{\npadding-bottom:0;\n}\nbody .av-special-heading.av-kgbynlpk-d85844918fd8a010b4185e6bfa941b3e .av-special-heading-tag .heading-char{\nfont-size:25px;\n}\n.av-special-heading.av-kgbynlpk-d85844918fd8a010b4185e6bfa941b3e .av-subheading{\nfont-size:15px;\n}\n<\/style>\n<div  class='av-special-heading av-kgbynlpk-d85844918fd8a010b4185e6bfa941b3e av-special-heading-h2 blockquote modern-quote  avia-builder-el-1  el_before_av_hr  avia-builder-el-first  av-linked-heading'><h2 class='av-special-heading-tag'  itemprop=\"headline\"  >Du papier au num\u00e9rique : la facture change, vos habitudes aussi.<\/h2><div class=\"special-heading-border\"><div class=\"special-heading-inner-border\"><\/div><\/div><\/div><br \/>\n\n<style type=\"text\/css\" data-created_by=\"avia_inline_auto\" id=\"style-css-av-ff0pn5-0fca5a6829e66cb4f3698457197574e6\">\n#top .hr.av-ff0pn5-0fca5a6829e66cb4f3698457197574e6{\nmargin-top:10px;\nmargin-bottom:10px;\n}\n.hr.av-ff0pn5-0fca5a6829e66cb4f3698457197574e6 .hr-inner{\nwidth:50px;\nborder-color:#bd262e;\n}\n<\/style>\n<div  class='hr av-ff0pn5-0fca5a6829e66cb4f3698457197574e6 hr-custom  avia-builder-el-2  el_after_av_heading  avia-builder-el-last  hr-left hr-icon-no'><span class='hr-inner inner-border-av-border-fat'><span class=\"hr-inner-style\"><\/span><\/span><\/div><\/p><\/div>\n<style type=\"text\/css\" data-created_by=\"avia_inline_auto\" id=\"style-css-av-p5unrm-da7583fed38e40c052073e5299eeee36\">\n.flex_column.av-p5unrm-da7583fed38e40c052073e5299eeee36{\nborder-radius:0px 0px 0px 0px;\npadding:0px 0px 0px 0px;\n}\n<\/style>\n<div  class='flex_column av-p5unrm-da7583fed38e40c052073e5299eeee36 av_one_full  avia-builder-el-3  el_after_av_one_full  el_before_av_image  first flex_column_div av-zero-column-padding  column-top-margin'     ><style type=\"text\/css\" data-created_by=\"avia_inline_auto\" id=\"style-css-av-efkr89-60bddcf5e90cd228b38a20b9d72e1fdf\">\n#top .togglecontainer.av-efkr89-60bddcf5e90cd228b38a20b9d72e1fdf p.toggler{\nborder-color:#e0e0e0;\n}\n#top .togglecontainer.av-efkr89-60bddcf5e90cd228b38a20b9d72e1fdf p.toggler.activeTitle{\nbackground-color:#e0e0e0;\n}\n#top .togglecontainer.av-efkr89-60bddcf5e90cd228b38a20b9d72e1fdf .toggle_wrap .toggle_content{\nborder-color:#e0e0e0;\n}\n<\/style>\n<div  class='togglecontainer av-efkr89-60bddcf5e90cd228b38a20b9d72e1fdf av-elegant-toggle  avia-builder-el-4  avia-builder-el-no-sibling ' >\n<section class='av_toggle_section av-ag40k2-fe5c976db842992c4ff16de622417b38'  itemscope=\"itemscope\" itemtype=\"https:\/\/schema.org\/CreativeWork\" ><div role=\"tablist\" class=\"single_toggle\" data-tags=\"{Tout} \"  ><p data-fake-id='#toggle-id-1' class='toggler   av-inherit-border-color'  itemprop=\"headline\"  role='tab' tabindex='0' aria-controls='toggle-id-1'>Facture electronique : De quoi s\u2019agit il ? <span class=\"toggle_icon\"><span class=\"vert_icon\"><\/span><span class=\"hor_icon\"><\/span><\/span><\/p><div id='toggle-id-1' class='toggle_wrap  '  ><div class='toggle_content invers-color av-inherit-border-color'  itemprop=\"text\" ><section>\n<p data-start=\"195\" data-end=\"461\">La facturation \u00e9lectronique devient obligatoire pour les entreprises fran\u00e7aises.<br data-start=\"275\" data-end=\"278\" \/>Son entr\u00e9e en vigueur est pr\u00e9vue \u00e0 compter du <strong data-start=\"324\" data-end=\"346\">1er septembre 2026<\/strong>, avec une \u00e9tape suppl\u00e9mentaire au <strong data-start=\"381\" data-end=\"403\">1er septembre 2027<\/strong> pour l\u2019\u00e9mission par les micro-entrepreneurs et TPE\/PME.<\/p>\n<hr data-start=\"463\" data-end=\"466\" \/>\n<h2 data-start=\"468\" data-end=\"490\">D\u00e9finition simple<\/h2>\n<p data-start=\"492\" data-end=\"530\">Une facture \u00e9lectronique n\u2019est pas :<\/p>\n<ul data-start=\"531\" data-end=\"601\">\n<li data-start=\"531\" data-end=\"566\">\n<p data-start=\"533\" data-end=\"566\">un simple PDF envoy\u00e9 par email,<\/p>\n<\/li>\n<li data-start=\"567\" data-end=\"601\">\n<p data-start=\"569\" data-end=\"601\">ni une facture papier scann\u00e9e.<\/p>\n<\/li>\n<\/ul>\n<p data-start=\"603\" data-end=\"661\">C\u2019est une <strong data-start=\"613\" data-end=\"644\">facture norm\u00e9e et s\u00e9curis\u00e9e<\/strong> qui respecte :<\/p>\n<ul data-start=\"662\" data-end=\"936\">\n<li data-start=\"662\" data-end=\"751\">\n<p data-start=\"664\" data-end=\"751\">un <strong data-start=\"667\" data-end=\"684\">format pr\u00e9cis<\/strong> (UBL, CII, ou un format mixte avec donn\u00e9es structur\u00e9es + image),<\/p>\n<\/li>\n<li data-start=\"752\" data-end=\"815\">\n<p data-start=\"754\" data-end=\"815\">les <strong data-start=\"758\" data-end=\"783\">mentions obligatoires<\/strong> d\u2019une facture traditionnelle,<\/p>\n<\/li>\n<li data-start=\"816\" data-end=\"936\">\n<p data-start=\"818\" data-end=\"936\">et de <strong data-start=\"824\" data-end=\"846\">nouvelles mentions<\/strong> (n\u00b0 SIREN fournisseur et client, date d\u2019\u00e9mission, adresse compl\u00e8te de livraison, etc.).<\/p>\n<\/li>\n<\/ul>\n<p data-start=\"938\" data-end=\"1019\">La transmission doit obligatoirement passer par une <strong data-start=\"990\" data-end=\"1016\">plateforme agr\u00e9\u00e9e (PA)<\/strong>.<\/p>\n<hr data-start=\"1021\" data-end=\"1024\" \/>\n<h2 data-start=\"1026\" data-end=\"1059\">Les plateformes agr\u00e9\u00e9es (PA)<\/h2>\n<p data-start=\"1061\" data-end=\"1189\">Les PA (plateformes partenaires de l\u2019administration) sont des entreprises priv\u00e9es immatricul\u00e9es par l\u2019\u00c9tat.<br data-start=\"1168\" data-end=\"1171\" \/>Elles assurent :<\/p>\n<ul data-start=\"1190\" data-end=\"1394\">\n<li data-start=\"1190\" data-end=\"1251\">\n<p data-start=\"1192\" data-end=\"1251\">l\u2019\u00e9mission, la transmission et la r\u00e9ception des factures,<\/p>\n<\/li>\n<li data-start=\"1252\" data-end=\"1284\">\n<p data-start=\"1254\" data-end=\"1284\">la conversion au bon format,<\/p>\n<\/li>\n<li data-start=\"1285\" data-end=\"1394\">\n<p data-start=\"1287\" data-end=\"1394\">l\u2019extraction et la transmission des donn\u00e9es de facture, de transaction et de paiement \u00e0 l\u2019administration.<\/p>\n<\/li>\n<\/ul>\n<hr data-start=\"1396\" data-end=\"1399\" \/>\n<h2 data-start=\"1401\" data-end=\"1430\">Pourquoi cette r\u00e9forme ?<\/h2>\n<ul data-start=\"1432\" data-end=\"1671\">\n<li data-start=\"1432\" data-end=\"1502\">\n<p data-start=\"1434\" data-end=\"1502\">Renforcer la comp\u00e9titivit\u00e9 gr\u00e2ce \u00e0 l\u2019e-invoicing et l\u2019e-reporting.<\/p>\n<\/li>\n<li data-start=\"1503\" data-end=\"1568\">\n<p data-start=\"1505\" data-end=\"1568\">Simplifier la d\u00e9claration de TVA (d\u00e9clarations pr\u00e9-remplies).<\/p>\n<\/li>\n<li data-start=\"1569\" data-end=\"1616\">\n<p data-start=\"1571\" data-end=\"1616\">R\u00e9duire la fraude et les erreurs de saisie.<\/p>\n<\/li>\n<li data-start=\"1617\" data-end=\"1671\">\n<p data-start=\"1619\" data-end=\"1671\">Am\u00e9liorer le pilotage en temps r\u00e9el de l\u2019activit\u00e9.<\/p>\n<\/li>\n<\/ul>\n<hr data-start=\"1673\" data-end=\"1676\" \/>\n<h2 data-start=\"1678\" data-end=\"1701\">Qui est concern\u00e9 ?<\/h2>\n<p data-start=\"1703\" data-end=\"1803\"><strong data-start=\"1703\" data-end=\"1729\">Toutes les entreprises<\/strong>, quelle que soit leur taille ou leur forme juridique, sont concern\u00e9es :<\/p>\n<ul data-start=\"1804\" data-end=\"1871\">\n<li data-start=\"1804\" data-end=\"1821\">\n<p data-start=\"1806\" data-end=\"1821\">\u00e0 l\u2019\u00e9mission,<\/p>\n<\/li>\n<li data-start=\"1822\" data-end=\"1871\">\n<p data-start=\"1824\" data-end=\"1871\">et \u00e0 la r\u00e9ception des factures \u00e9lectroniques.<\/p>\n<\/li>\n<\/ul>\n<hr data-start=\"1873\" data-end=\"1876\" \/>\n<h2 data-start=\"1878\" data-end=\"1897\">\u00c9ch\u00e9ances cl\u00e9s<\/h2>\n<ul data-start=\"1899\" data-end=\"2127\">\n<li data-start=\"1899\" data-end=\"2007\">\n<p data-start=\"1901\" data-end=\"2007\"><strong data-start=\"1901\" data-end=\"1923\">1er septembre 2026<\/strong> : toutes les entreprises doivent pouvoir <strong data-start=\"1965\" data-end=\"1977\">recevoir<\/strong> des factures \u00e9lectroniques.<\/p>\n<\/li>\n<li data-start=\"2008\" data-end=\"2127\">\n<p data-start=\"2010\" data-end=\"2127\"><strong data-start=\"2010\" data-end=\"2032\">1er septembre 2027<\/strong> : les micro-entreprises et TPE\/PME doivent \u00e9galement <strong data-start=\"2086\" data-end=\"2097\">\u00e9mettre<\/strong> des factures \u00e9lectroniques.<\/p>\n<\/li>\n<\/ul>\n<hr data-start=\"2129\" data-end=\"2132\" \/>\n<h2 data-start=\"2134\" data-end=\"2167\">Ce que cela change pour vous<\/h2>\n<ul data-start=\"2169\" data-end=\"2601\">\n<li data-start=\"2169\" data-end=\"2260\">\n<p data-start=\"2171\" data-end=\"2260\">Adopter un outil compatible avec les <strong data-start=\"2208\" data-end=\"2232\">formats obligatoires<\/strong> (UBL, CII, format mixte).<\/p>\n<\/li>\n<li data-start=\"2261\" data-end=\"2384\">\n<p data-start=\"2263\" data-end=\"2384\">V\u00e9rifier la pr\u00e9sence des <strong data-start=\"2288\" data-end=\"2309\">mentions requises<\/strong> (SIREN fournisseur\/client, date d\u2019\u00e9mission, adresse de livraison, etc.).<\/p>\n<\/li>\n<li data-start=\"2385\" data-end=\"2462\">\n<p data-start=\"2387\" data-end=\"2462\">Choisir et connecter une <strong data-start=\"2412\" data-end=\"2438\">plateforme agr\u00e9\u00e9e (PA)<\/strong> pour la transmission.<\/p>\n<\/li>\n<li data-start=\"2463\" data-end=\"2601\">\n<p data-start=\"2465\" data-end=\"2478\">\u00catre pr\u00eat :<\/p>\n<ul data-start=\"2481\" data-end=\"2601\">\n<li data-start=\"2481\" data-end=\"2523\">\n<p data-start=\"2483\" data-end=\"2523\">\u00e0 la <strong data-start=\"2488\" data-end=\"2501\">r\u00e9ception<\/strong> d\u00e8s septembre 2026,<\/p>\n<\/li>\n<li data-start=\"2526\" data-end=\"2601\">\n<p data-start=\"2528\" data-end=\"2601\">\u00e0 l\u2019<strong data-start=\"2532\" data-end=\"2544\">\u00e9mission<\/strong> selon votre cat\u00e9gorie, au plus tard en septembre 2027.<\/p>\n<\/li>\n<\/ul>\n<\/li>\n<\/ul>\n<hr data-start=\"2603\" data-end=\"2606\" \/>\n<h2 data-start=\"2608\" data-end=\"2643\">FAQ \u2013 Les questions fr\u00e9quentes<\/h2>\n<p data-start=\"2645\" data-end=\"2804\"><strong data-start=\"2645\" data-end=\"2684\">Un PDF envoy\u00e9 par email suffit-il ?<\/strong><br data-start=\"2684\" data-end=\"2687\" \/>Non. Un simple PDF ou une facture scann\u00e9e n\u2019est plus conforme. La facture doit \u00eatre norm\u00e9e et transmise via une PA.<\/p>\n<p data-start=\"2806\" data-end=\"2947\"><strong data-start=\"2806\" data-end=\"2837\">Quelles mentions v\u00e9rifier ?<\/strong><br data-start=\"2837\" data-end=\"2840\" \/>En plus des mentions habituelles : n\u00b0 SIREN fournisseur et client, date d\u2019\u00e9mission, adresse de livraison.<\/p>\n<p data-start=\"2949\" data-end=\"3024\"><strong data-start=\"2949\" data-end=\"2995\">Qui est oblig\u00e9 de passer \u00e0 l\u2019e-invoicing ?<\/strong><br data-start=\"2995\" data-end=\"2998\" \/>Toutes les entreprises :<\/p>\n<ul data-start=\"3025\" data-end=\"3109\">\n<li data-start=\"3025\" data-end=\"3053\">\n<p data-start=\"3027\" data-end=\"3053\">\u00e0 la r\u00e9ception d\u00e8s 2026,<\/p>\n<\/li>\n<li data-start=\"3054\" data-end=\"3109\">\n<p data-start=\"3056\" data-end=\"3109\">\u00e0 l\u2019\u00e9mission selon la taille, au plus tard en 2027.<\/p>\n<\/li>\n<\/ul>\n<hr data-start=\"3111\" data-end=\"3114\" \/>\n<h2 data-start=\"3116\" data-end=\"3151\">Besoin d\u2019aide pour \u00eatre pr\u00eat ?<\/h2>\n<p data-start=\"3153\" data-end=\"3191\">Notre cabinet vous accompagne pour :<\/p>\n<ul data-start=\"3192\" data-end=\"3349\">\n<li data-start=\"3192\" data-end=\"3213\">\n<p data-start=\"3194\" data-end=\"3213\">auditer vos flux,<\/p>\n<\/li>\n<li data-start=\"3214\" data-end=\"3261\">\n<p data-start=\"3216\" data-end=\"3261\">choisir et connecter une plateforme agr\u00e9\u00e9e,<\/p>\n<\/li>\n<li data-start=\"3262\" data-end=\"3303\">\n<p data-start=\"3264\" data-end=\"3303\">fiabiliser vos mentions obligatoires,<\/p>\n<\/li>\n<li data-start=\"3304\" data-end=\"3349\">\n<p data-start=\"3306\" data-end=\"3349\">assurer votre conformit\u00e9 dans les d\u00e9lais.<\/p>\n<\/li>\n<\/ul>\n<p data-start=\"3351\" data-end=\"3443\"><strong data-start=\"3351\" data-end=\"3365\">Objectif :<\/strong> conformit\u00e9, fluidit\u00e9 des \u00e9changes et gain de temps sur vos obligations TVA.<\/p>\n<\/section>\n<\/div><\/div><\/div><\/section>\n<section class='av_toggle_section av-2815f6-81eabc502f43bcc30a97ae44d7691277'  itemscope=\"itemscope\" itemtype=\"https:\/\/schema.org\/CreativeWork\" ><div role=\"tablist\" class=\"single_toggle\" data-tags=\"{Tout} \"  ><p data-fake-id='#toggle-id-2' class='toggler   av-inherit-border-color'  itemprop=\"headline\"  role='tab' tabindex='0' aria-controls='toggle-id-2'>Comment choisir sa PA (Plateforme Agr\u00e9\u00e9e) ?<span class=\"toggle_icon\"><span class=\"vert_icon\"><\/span><span class=\"hor_icon\"><\/span><\/span><\/p><div id='toggle-id-2' class='toggle_wrap  '  ><div class='toggle_content invers-color av-inherit-border-color'  itemprop=\"text\" ><section>\n<p data-start=\"213\" data-end=\"437\">Depuis l\u2019abandon du <strong data-start=\"233\" data-end=\"272\">Portail Public de Facturation (PPF)<\/strong> annonc\u00e9 en octobre 2024, chaque entreprise doit obligatoirement passer par une <strong data-start=\"352\" data-end=\"396\">Plateforme Agr\u00e9\u00e9e (PA, anciennement PDP)<\/strong> pour g\u00e9rer ses factures \u00e9lectroniques.<\/p>\n<p data-start=\"439\" data-end=\"479\">La r\u00e9forme suit un calendrier pr\u00e9cis :<\/p>\n<ul data-start=\"481\" data-end=\"812\">\n<li data-start=\"481\" data-end=\"684\">\n<p data-start=\"483\" data-end=\"507\"><strong data-start=\"483\" data-end=\"505\">1er septembre 2026<\/strong><\/p>\n<ul data-start=\"510\" data-end=\"684\">\n<li data-start=\"510\" data-end=\"593\">\n<p data-start=\"512\" data-end=\"593\">Toutes les entreprises devront pouvoir <strong data-start=\"551\" data-end=\"563\">recevoir<\/strong> des factures \u00e9lectroniques.<\/p>\n<\/li>\n<li data-start=\"596\" data-end=\"684\">\n<p data-start=\"598\" data-end=\"684\">Les grandes entreprises et ETI devront aussi <strong data-start=\"643\" data-end=\"654\">\u00e9mettre<\/strong> des factures \u00e9lectroniques.<\/p>\n<\/li>\n<\/ul>\n<\/li>\n<li data-start=\"686\" data-end=\"812\">\n<p data-start=\"688\" data-end=\"712\"><strong data-start=\"688\" data-end=\"710\">1er septembre 2027<\/strong><\/p>\n<ul data-start=\"715\" data-end=\"812\">\n<li data-start=\"715\" data-end=\"812\">\n<p data-start=\"717\" data-end=\"812\">Obligation pour les <strong data-start=\"737\" data-end=\"770\">PME, TPE et micro-entreprises<\/strong> d\u2019\u00e9mettre leurs factures \u00e9lectroniques.<\/p>\n<\/li>\n<\/ul>\n<\/li>\n<\/ul>\n<hr data-start=\"814\" data-end=\"817\" \/>\n<h2 data-start=\"819\" data-end=\"854\">Ce que change l\u2019abandon du PPF<\/h2>\n<p data-start=\"856\" data-end=\"910\">Le service public conserve seulement deux missions :<\/p>\n<ul data-start=\"911\" data-end=\"1040\">\n<li data-start=\"911\" data-end=\"970\">\n<p data-start=\"913\" data-end=\"970\">mettre \u00e0 disposition un <strong data-start=\"937\" data-end=\"967\">annuaire des destinataires<\/strong>,<\/p>\n<\/li>\n<li data-start=\"971\" data-end=\"1040\">\n<p data-start=\"973\" data-end=\"1040\">concentrer et transmettre les donn\u00e9es \u00e0 l\u2019administration fiscale.<\/p>\n<\/li>\n<\/ul>\n<p data-start=\"1042\" data-end=\"1232\"><strong data-start=\"1042\" data-end=\"1059\">Cons\u00e9quence :<\/strong> il n\u2019existe plus de solution gratuite pour les entreprises, m\u00eame pour les TPE\/PME ayant un faible volume de factures. <strong data-start=\"1178\" data-end=\"1230\">Toutes doivent d\u00e9sormais travailler avec une PA.<\/strong><\/p>\n<hr data-start=\"1234\" data-end=\"1237\" \/>\n<h2 data-start=\"1239\" data-end=\"1275\">Le r\u00f4le d\u2019une Plateforme Agr\u00e9\u00e9e<\/h2>\n<p data-start=\"1277\" data-end=\"1307\">Chaque PA assure notamment :<\/p>\n<ul data-start=\"1308\" data-end=\"1536\">\n<li data-start=\"1308\" data-end=\"1368\">\n<p data-start=\"1310\" data-end=\"1368\">la transmission des factures \u00e0 l\u2019administration fiscale,<\/p>\n<\/li>\n<li data-start=\"1369\" data-end=\"1404\">\n<p data-start=\"1371\" data-end=\"1404\">la gestion des factures re\u00e7ues,<\/p>\n<\/li>\n<li data-start=\"1405\" data-end=\"1474\">\n<p data-start=\"1407\" data-end=\"1474\">la production de l\u2019<strong data-start=\"1426\" data-end=\"1441\">e-reporting<\/strong> des transactions et paiements,<\/p>\n<\/li>\n<li data-start=\"1475\" data-end=\"1536\">\n<p data-start=\"1477\" data-end=\"1536\">la gestion du cycle de vie des factures \u00e9mises et re\u00e7ues.<\/p>\n<\/li>\n<\/ul>\n<hr data-start=\"1538\" data-end=\"1541\" \/>\n<h2 data-start=\"1543\" data-end=\"1570\">Qui peut \u00eatre une PA ?<\/h2>\n<p data-start=\"1572\" data-end=\"1638\">Pour obtenir l\u2019immatriculation officielle, le prestataire doit :<\/p>\n<ul data-start=\"1639\" data-end=\"1816\">\n<li data-start=\"1639\" data-end=\"1697\">\n<p data-start=\"1641\" data-end=\"1697\">d\u00e9poser un dossier aupr\u00e8s de l\u2019administration fiscale,<\/p>\n<\/li>\n<li data-start=\"1698\" data-end=\"1751\">\n<p data-start=\"1700\" data-end=\"1751\">respecter un cahier des charges technique pr\u00e9cis,<\/p>\n<\/li>\n<li data-start=\"1752\" data-end=\"1816\">\n<p data-start=\"1754\" data-end=\"1816\">\u00eatre valid\u00e9 apr\u00e8s tests d\u2019interop\u00e9rabilit\u00e9 et de conformit\u00e9.<\/p>\n<\/li>\n<\/ul>\n<p data-start=\"1818\" data-end=\"1934\">En juillet 2025, <strong data-start=\"1835\" data-end=\"1888\">98 op\u00e9rateurs \u00e9taient immatricul\u00e9s \u201csous r\u00e9serve\u201d<\/strong>. La liste d\u00e9finitive sera arr\u00eat\u00e9e fin 2025.<\/p>\n<hr data-start=\"1936\" data-end=\"1939\" \/>\n<h2 data-start=\"1941\" data-end=\"1996\">Comment choisir la PA adapt\u00e9e \u00e0 votre entreprise ?<\/h2>\n<p data-start=\"1998\" data-end=\"2085\">Avant de faire votre choix, il est recommand\u00e9 de r\u00e9aliser un \u00e9tat des lieux interne :<\/p>\n<ul data-start=\"2086\" data-end=\"2211\">\n<li data-start=\"2086\" data-end=\"2148\">\n<p data-start=\"2088\" data-end=\"2148\">Quel est votre <strong data-start=\"2103\" data-end=\"2125\">volume de factures<\/strong> (\u00e9mises et re\u00e7ues) ?<\/p>\n<\/li>\n<li data-start=\"2149\" data-end=\"2211\">\n<p data-start=\"2151\" data-end=\"2211\">Comment ce processus va-t-il modifier votre organisation ?<\/p>\n<\/li>\n<\/ul>\n<p data-start=\"2213\" data-end=\"2247\">Les crit\u00e8res de choix incluent :<\/p>\n<ul data-start=\"2248\" data-end=\"2631\">\n<li data-start=\"2248\" data-end=\"2341\">\n<p data-start=\"2250\" data-end=\"2341\">la <strong data-start=\"2253\" data-end=\"2280\">sp\u00e9cialisation de la PA<\/strong> (certaines ciblent grandes entreprises, d\u2019autres PME\/TPE),<\/p>\n<\/li>\n<li data-start=\"2342\" data-end=\"2404\">\n<p data-start=\"2344\" data-end=\"2404\">l\u2019<strong data-start=\"2346\" data-end=\"2361\">int\u00e9gration<\/strong> avec vos logiciels comptables existants,<\/p>\n<\/li>\n<li data-start=\"2405\" data-end=\"2483\">\n<p data-start=\"2407\" data-end=\"2483\">la <strong data-start=\"2410\" data-end=\"2437\">compatibilit\u00e9 technique<\/strong> et les co\u00fbts li\u00e9s aux futures mises \u00e0 jour,<\/p>\n<\/li>\n<li data-start=\"2484\" data-end=\"2576\">\n<p data-start=\"2486\" data-end=\"2576\">le <strong data-start=\"2489\" data-end=\"2519\">prix des services propos\u00e9s<\/strong> et les conditions en cas de changement de prestataire,<\/p>\n<\/li>\n<li data-start=\"2577\" data-end=\"2631\">\n<p data-start=\"2579\" data-end=\"2631\">les <strong data-start=\"2583\" data-end=\"2607\">retours d\u2019exp\u00e9rience<\/strong> d\u2019autres entreprises.<\/p>\n<\/li>\n<\/ul>\n<hr data-start=\"2633\" data-end=\"2636\" \/>\n<h2 data-start=\"2638\" data-end=\"2663\">Notre accompagnement<\/h2>\n<p data-start=\"2665\" data-end=\"2687\">Nous vous aidons \u00e0 :<\/p>\n<ul data-start=\"2688\" data-end=\"2897\">\n<li data-start=\"2688\" data-end=\"2725\">\n<p data-start=\"2690\" data-end=\"2725\">analyser vos flux de facturation,<\/p>\n<\/li>\n<li data-start=\"2726\" data-end=\"2785\">\n<p data-start=\"2728\" data-end=\"2785\">identifier la plateforme la plus adapt\u00e9e \u00e0 vos besoins,<\/p>\n<\/li>\n<li data-start=\"2786\" data-end=\"2840\">\n<p data-start=\"2788\" data-end=\"2840\">s\u00e9curiser l\u2019int\u00e9gration avec vos outils existants,<\/p>\n<\/li>\n<li data-start=\"2841\" data-end=\"2897\">\n<p data-start=\"2843\" data-end=\"2897\">assurer la conformit\u00e9 aux \u00e9ch\u00e9ances de 2026 et 2027.<\/p>\n<\/li>\n<\/ul>\n<p data-start=\"2899\" data-end=\"3020\"><strong data-start=\"2899\" data-end=\"2919\">Notre objectif :<\/strong> vous permettre de choisir une solution fiable, p\u00e9renne et adapt\u00e9e \u00e0 la taille de votre entreprise.<\/p>\n<\/section>\n<section><\/section>\n<\/div><\/div><\/div><\/section>\n<section class='av_toggle_section av-91agcy-3c577e256a7038fd2b277170beadd22f'  itemscope=\"itemscope\" itemtype=\"https:\/\/schema.org\/CreativeWork\" ><div role=\"tablist\" class=\"single_toggle\" data-tags=\"{Tout} \"  ><p data-fake-id='#toggle-id-3' class='toggler   av-inherit-border-color'  itemprop=\"headline\"  role='tab' tabindex='0' aria-controls='toggle-id-3'>De la plateforme de d\u00e9mat\u00e9rialisation partenaire (PDP) \u00e0 la plateforme agr\u00e9\u00e9e (PA)<span class=\"toggle_icon\"><span class=\"vert_icon\"><\/span><span class=\"hor_icon\"><\/span><\/span><\/p><div id='toggle-id-3' class='toggle_wrap  '  ><div class='toggle_content invers-color av-inherit-border-color'  itemprop=\"text\" ><p data-start=\"280\" data-end=\"552\">Depuis l\u2019\u00e9t\u00e9 2025, un changement de vocabulaire s\u2019est op\u00e9r\u00e9 : l\u2019acronyme <strong data-start=\"353\" data-end=\"405\">PDP (plateforme de d\u00e9mat\u00e9rialisation partenaire)<\/strong> dispara\u00eet au profit de celui de <strong data-start=\"438\" data-end=\"464\">PA (plateforme agr\u00e9\u00e9e)<\/strong>.<br data-start=\"465\" data-end=\"468\" \/>Si le terme change, les missions et le r\u00f4le de ces plateformes restent identiques.<\/p>\n<hr data-start=\"554\" data-end=\"557\" \/>\n<h2 data-start=\"559\" data-end=\"585\">Qu\u2019est-ce qu\u2019une PA ?<\/h2>\n<p data-start=\"587\" data-end=\"724\">Une <strong data-start=\"591\" data-end=\"617\">plateforme agr\u00e9\u00e9e (PA)<\/strong> est un op\u00e9rateur valid\u00e9 par l\u2019administration fiscale pour assurer la gestion des factures \u00e9lectroniques.<\/p>\n<p data-start=\"726\" data-end=\"786\">La proc\u00e9dure d\u2019immatriculation se d\u00e9roule en deux \u00e9tapes :<\/p>\n<ol data-start=\"787\" data-end=\"1199\">\n<li data-start=\"787\" data-end=\"981\">\n<p data-start=\"790\" data-end=\"981\"><strong data-start=\"790\" data-end=\"822\">Immatriculation sous r\u00e9serve<\/strong> : l\u2019entreprise candidate d\u00e9pose un dossier, qui est enregistr\u00e9 par l\u2019administration. Elle figure alors sur la liste des op\u00e9rateurs en attente de validation.<\/p>\n<\/li>\n<li data-start=\"982\" data-end=\"1199\">\n<p data-start=\"985\" data-end=\"1199\"><strong data-start=\"985\" data-end=\"1015\">Immatriculation d\u00e9finitive<\/strong> : apr\u00e8s v\u00e9rification de la conformit\u00e9 technique (interop\u00e9rabilit\u00e9, extraction et transmission de donn\u00e9es, \u00e9changes avec les autres PA), le prestataire obtient son agr\u00e9ment officiel.<\/p>\n<\/li>\n<\/ol>\n<p data-start=\"1201\" data-end=\"1395\">La <strong data-start=\"1204\" data-end=\"1269\">liste d\u00e9finitive des PA agr\u00e9\u00e9es sera publi\u00e9e en d\u00e9cembre 2025<\/strong>. Chaque op\u00e9rateur recevra alors un num\u00e9ro d\u2019immatriculation valable trois ans, renouvelable si la conformit\u00e9 est maintenue.<\/p>\n<hr data-start=\"1397\" data-end=\"1400\" \/>\n<h2 data-start=\"1402\" data-end=\"1428\">Les missions d\u2019une PA<\/h2>\n<p data-start=\"1430\" data-end=\"1474\">Les plateformes agr\u00e9\u00e9es ont pour r\u00f4le de :<\/p>\n<ul data-start=\"1475\" data-end=\"1756\">\n<li data-start=\"1475\" data-end=\"1592\">\n<p data-start=\"1477\" data-end=\"1592\">\u00e9mettre, transmettre, recevoir et v\u00e9rifier les factures \u00e9lectroniques aux formats standards (Factur-X, UBL, CII),<\/p>\n<\/li>\n<li data-start=\"1593\" data-end=\"1658\">\n<p data-start=\"1595\" data-end=\"1658\">assurer la transmission des donn\u00e9es (e-reporting) \u00e0 la DGFiP,<\/p>\n<\/li>\n<li data-start=\"1659\" data-end=\"1756\">\n<p data-start=\"1661\" data-end=\"1756\">garantir l\u2019interop\u00e9rabilit\u00e9 avec le <strong data-start=\"1697\" data-end=\"1736\">Portail Public de Facturation (PPF)<\/strong> et les autres PA.<\/p>\n<\/li>\n<\/ul>\n<p data-start=\"1758\" data-end=\"1829\">Ces missions sont identiques \u00e0 celles pr\u00e9vues pour les anciennes PDP.<\/p>\n<hr data-start=\"1831\" data-end=\"1834\" \/>\n<h2 data-start=\"1836\" data-end=\"1881\">Pourquoi ce changement de terminologie ?<\/h2>\n<p data-start=\"1883\" data-end=\"1924\">Le passage de <strong data-start=\"1897\" data-end=\"1904\">PDP<\/strong> \u00e0 <strong data-start=\"1907\" data-end=\"1913\">PA<\/strong> vise \u00e0 :<\/p>\n<ul data-start=\"1925\" data-end=\"2186\">\n<li data-start=\"1925\" data-end=\"2020\">\n<p data-start=\"1927\" data-end=\"2020\">clarifier le caract\u00e8re officiel de l\u2019immatriculation d\u00e9livr\u00e9e par l\u2019administration fiscale,<\/p>\n<\/li>\n<li data-start=\"2021\" data-end=\"2108\">\n<p data-start=\"2023\" data-end=\"2108\">donner plus de visibilit\u00e9 aux entreprises qui doivent choisir un prestataire agr\u00e9\u00e9,<\/p>\n<\/li>\n<li data-start=\"2109\" data-end=\"2186\">\n<p data-start=\"2111\" data-end=\"2186\">renforcer la confiance dans la conformit\u00e9 et la p\u00e9rennit\u00e9 des op\u00e9rateurs.<\/p>\n<\/li>\n<\/ul>\n<hr data-start=\"2188\" data-end=\"2191\" \/>\n<h2 data-start=\"2193\" data-end=\"2217\">Calendrier inchang\u00e9<\/h2>\n<p data-start=\"2219\" data-end=\"2295\">Le calendrier de la r\u00e9forme de la facturation \u00e9lectronique reste le m\u00eame :<\/p>\n<ul data-start=\"2296\" data-end=\"2558\">\n<li data-start=\"2296\" data-end=\"2464\">\n<p data-start=\"2298\" data-end=\"2464\"><strong data-start=\"2298\" data-end=\"2320\">1er septembre 2026<\/strong> : toutes les entreprises doivent \u00eatre en mesure de recevoir des factures \u00e9lectroniques ; grandes entreprises et ETI doivent aussi en \u00e9mettre.<\/p>\n<\/li>\n<li data-start=\"2465\" data-end=\"2558\">\n<p data-start=\"2467\" data-end=\"2558\"><strong data-start=\"2467\" data-end=\"2489\">1er septembre 2027<\/strong> : obligation d\u2019\u00e9mission \u00e9tendue aux PME, TPE et micro-entreprises.<\/p>\n<\/li>\n<\/ul>\n<hr data-start=\"2560\" data-end=\"2563\" \/>\n<h2 data-start=\"2565\" data-end=\"2612\">Ce que cela signifie pour votre entreprise<\/h2>\n<ul data-start=\"2614\" data-end=\"2969\">\n<li data-start=\"2614\" data-end=\"2713\">\n<p data-start=\"2616\" data-end=\"2713\">Vous devez vous pr\u00e9parer \u00e0 s\u00e9lectionner une <strong data-start=\"2660\" data-end=\"2686\">plateforme agr\u00e9\u00e9e (PA)<\/strong> dans les prochains mois.<\/p>\n<\/li>\n<li data-start=\"2714\" data-end=\"2839\">\n<p data-start=\"2716\" data-end=\"2839\">Le choix de la PA est crucial : compatibilit\u00e9 technique, co\u00fbt, services propos\u00e9s et accompagnement doivent \u00eatre analys\u00e9s.<\/p>\n<\/li>\n<li data-start=\"2840\" data-end=\"2969\">\n<p data-start=\"2842\" data-end=\"2969\">Une fois immatricul\u00e9e, la PA assurera la continuit\u00e9 de vos \u00e9changes d\u00e9mat\u00e9rialis\u00e9s et le respect de vos obligations fiscales.<\/p>\n<\/li>\n<\/ul>\n<hr data-start=\"2971\" data-end=\"2974\" \/>\n<h2 data-start=\"2976\" data-end=\"3001\">Notre accompagnement<\/h2>\n<p data-start=\"3003\" data-end=\"3025\">Nous vous aidons \u00e0 :<\/p>\n<ul data-start=\"3026\" data-end=\"3283\">\n<li data-start=\"3026\" data-end=\"3077\">\n<p data-start=\"3028\" data-end=\"3077\">comprendre le r\u00f4le des PA et leurs diff\u00e9rences,<\/p>\n<\/li>\n<li data-start=\"3078\" data-end=\"3136\">\n<p data-start=\"3080\" data-end=\"3136\">suivre la publication de la liste officielle fin 2025,<\/p>\n<\/li>\n<li data-start=\"3137\" data-end=\"3197\">\n<p data-start=\"3139\" data-end=\"3197\">choisir la plateforme la mieux adapt\u00e9e \u00e0 votre activit\u00e9,<\/p>\n<\/li>\n<li data-start=\"3198\" data-end=\"3283\">\n<p data-start=\"3200\" data-end=\"3283\">int\u00e9grer efficacement votre solution dans vos processus comptables et financiers.<\/p>\n<\/li>\n<\/ul>\n<p data-start=\"3285\" data-end=\"3389\"><strong data-start=\"3285\" data-end=\"3305\">Notre objectif :<\/strong> vous garantir une transition fluide et conforme vers la facturation \u00e9lectronique.<\/p>\n<\/div><\/div><\/div><\/section>\n<section class='av_toggle_section av-9n7muq-edb07ecb5bcdf526da884c997ed25e1e'  itemscope=\"itemscope\" itemtype=\"https:\/\/schema.org\/CreativeWork\" ><div role=\"tablist\" class=\"single_toggle\" data-tags=\"{Tout} \"  ><p data-fake-id='#toggle-id-4' class='toggler   av-inherit-border-color'  itemprop=\"headline\"  role='tab' tabindex='0' aria-controls='toggle-id-4'>Facture \u00e9lectronique : ouverture d\u2019un annuaire central<span class=\"toggle_icon\"><span class=\"vert_icon\"><\/span><span class=\"hor_icon\"><\/span><\/span><\/p><div id='toggle-id-4' class='toggle_wrap  '  ><div class='toggle_content invers-color av-inherit-border-color'  itemprop=\"text\" ><ul>\n<li>\n<p data-start=\"220\" data-end=\"538\">Depuis le <strong data-start=\"230\" data-end=\"251\">18 septembre 2025<\/strong>, un <strong data-start=\"256\" data-end=\"307\">annuaire central de la facturation \u00e9lectronique<\/strong> est accessible en ligne via le portail Chorus Pro.<br data-start=\"358\" data-end=\"361\" \/>Il constitue une base de donn\u00e9es unique qui alimente les outils de facturation \u00e9lectronique et facilite les \u00e9changes entre entreprises, administrations et plateformes agr\u00e9\u00e9es.<\/p>\n<hr data-start=\"540\" data-end=\"543\" \/>\n<h2 data-start=\"545\" data-end=\"583\">Que contient l\u2019annuaire central ?<\/h2>\n<p data-start=\"585\" data-end=\"607\">L\u2019annuaire recense :<\/p>\n<ul data-start=\"608\" data-end=\"891\">\n<li data-start=\"608\" data-end=\"720\">\n<p data-start=\"610\" data-end=\"720\"><strong data-start=\"610\" data-end=\"650\">Les entreprises assujetties \u00e0 la TVA<\/strong> qui \u00e9mettent, transmettent ou re\u00e7oivent des factures \u00e9lectroniques.<\/p>\n<\/li>\n<li data-start=\"721\" data-end=\"828\">\n<p data-start=\"723\" data-end=\"828\"><strong data-start=\"723\" data-end=\"773\">Les administrations et collectivit\u00e9s publiques<\/strong> soumises \u00e0 l\u2019obligation de facturation \u00e9lectronique.<\/p>\n<\/li>\n<li data-start=\"829\" data-end=\"891\">\n<p data-start=\"831\" data-end=\"891\"><strong data-start=\"831\" data-end=\"863\">Les plateformes agr\u00e9\u00e9es (PA)<\/strong> choisies par ces entit\u00e9s.<\/p>\n<\/li>\n<\/ul>\n<p data-start=\"893\" data-end=\"954\">Pour chaque soci\u00e9t\u00e9 ou entit\u00e9, l\u2019annuaire central indique :<\/p>\n<ul data-start=\"955\" data-end=\"1126\">\n<li data-start=\"955\" data-end=\"985\">\n<p data-start=\"957\" data-end=\"985\">l\u2019entreprise destinataire,<\/p>\n<\/li>\n<li data-start=\"986\" data-end=\"1021\">\n<p data-start=\"988\" data-end=\"1021\">la liste de ses \u00e9tablissements,<\/p>\n<\/li>\n<li data-start=\"1022\" data-end=\"1056\">\n<p data-start=\"1024\" data-end=\"1056\">la plateforme agr\u00e9\u00e9e d\u00e9clar\u00e9e,<\/p>\n<\/li>\n<li data-start=\"1057\" data-end=\"1126\">\n<p data-start=\"1059\" data-end=\"1126\">l\u2019adresse (ou les adresses) \u00e9lectroniques de facturation actives.<\/p>\n<\/li>\n<\/ul>\n<hr data-start=\"1128\" data-end=\"1131\" \/>\n<h2 data-start=\"1133\" data-end=\"1196\">L\u2019adresse de facturation \u00e9lectronique : un identifiant cl\u00e9<\/h2>\n<p data-start=\"1198\" data-end=\"1273\">Chaque entreprise dispose d\u2019une <strong data-start=\"1230\" data-end=\"1269\">adresse \u00e9lectronique de facturation<\/strong> :<\/p>\n<ul data-start=\"1274\" data-end=\"1566\">\n<li data-start=\"1274\" data-end=\"1355\">\n<p data-start=\"1276\" data-end=\"1355\">C\u2019est un identifiant unique permettant d\u2019acheminer correctement les factures.<\/p>\n<\/li>\n<li data-start=\"1356\" data-end=\"1480\">\n<p data-start=\"1358\" data-end=\"1480\">Dans certains cas, elle peut \u00eatre compl\u00e9t\u00e9e par un <strong data-start=\"1409\" data-end=\"1428\">code de routage<\/strong> pour identifier un service ou d\u00e9partement pr\u00e9cis.<\/p>\n<\/li>\n<li data-start=\"1481\" data-end=\"1566\">\n<p data-start=\"1483\" data-end=\"1566\">Exemple : l\u2019INPI a d\u00e9clar\u00e9 19 adresses de facturation distinctes dans l\u2019annuaire.<\/p>\n<\/li>\n<\/ul>\n<p data-start=\"1568\" data-end=\"1667\">Cette adresse garantit que les factures sont transmises et re\u00e7ues selon les normes de la r\u00e9forme.<\/p>\n<hr data-start=\"1669\" data-end=\"1672\" \/>\n<h2 data-start=\"1674\" data-end=\"1707\">Actualisation et utilisation<\/h2>\n<ul data-start=\"1709\" data-end=\"2016\">\n<li data-start=\"1709\" data-end=\"1856\">\n<p data-start=\"1711\" data-end=\"1856\">L\u2019annuaire est <strong data-start=\"1726\" data-end=\"1756\">mis \u00e0 jour quotidiennement<\/strong> pour refl\u00e9ter les changements (nouvelles plateformes choisies, modifications des adresses, etc.).<\/p>\n<\/li>\n<li data-start=\"1857\" data-end=\"1927\">\n<p data-start=\"1859\" data-end=\"1927\">La recherche se fait par <strong data-start=\"1884\" data-end=\"1900\">num\u00e9ro Siren<\/strong> ou par nom d\u2019entreprise.<\/p>\n<\/li>\n<li data-start=\"1928\" data-end=\"2016\">\n<p data-start=\"1930\" data-end=\"2016\">L\u2019acc\u00e8s est <strong data-start=\"1942\" data-end=\"1968\">gratuit et sans compte<\/strong>, il suffit de saisir un code de v\u00e9rification.<\/p>\n<\/li>\n<\/ul>\n<hr data-start=\"2018\" data-end=\"2021\" \/>\n<h2 data-start=\"2023\" data-end=\"2080\">Annuaire central vs annuaire des plateformes agr\u00e9\u00e9es<\/h2>\n<p data-start=\"2082\" data-end=\"2126\">Il existe deux registres compl\u00e9mentaires :<\/p>\n<ul data-start=\"2128\" data-end=\"2821\">\n<li data-start=\"2128\" data-end=\"2440\">\n<p data-start=\"2130\" data-end=\"2175\"><strong data-start=\"2130\" data-end=\"2173\">L\u2019annuaire des plateformes agr\u00e9\u00e9es (PA)<\/strong><\/p>\n<ul data-start=\"2178\" data-end=\"2440\">\n<li data-start=\"2178\" data-end=\"2261\">\n<p data-start=\"2180\" data-end=\"2261\">Il r\u00e9pertorie uniquement les plateformes valid\u00e9es par l\u2019administration fiscale.<\/p>\n<\/li>\n<li data-start=\"2264\" data-end=\"2379\">\n<p data-start=\"2266\" data-end=\"2379\">Les PA y sont inscrites d\u2019abord \u201csous r\u00e9serve\u201d, puis d\u00e9finitivement apr\u00e8s validation technique (d\u00e9cembre 2025).<\/p>\n<\/li>\n<li data-start=\"2382\" data-end=\"2440\">\n<p data-start=\"2384\" data-end=\"2440\">L\u2019immatriculation est valable <strong data-start=\"2414\" data-end=\"2423\">3 ans<\/strong>, renouvelable.<\/p>\n<\/li>\n<\/ul>\n<\/li>\n<li data-start=\"2442\" data-end=\"2821\">\n<p data-start=\"2444\" data-end=\"2468\"><strong data-start=\"2444\" data-end=\"2466\">L\u2019annuaire central<\/strong><\/p>\n<ul data-start=\"2471\" data-end=\"2821\">\n<li data-start=\"2471\" data-end=\"2604\">\n<p data-start=\"2473\" data-end=\"2604\">Il englobe \u00e0 la fois les <strong data-start=\"2498\" data-end=\"2521\">plateformes agr\u00e9\u00e9es<\/strong> et toutes les <strong data-start=\"2536\" data-end=\"2579\">entit\u00e9s (entreprises + administrations)<\/strong> soumises \u00e0 la r\u00e9forme.<\/p>\n<\/li>\n<li data-start=\"2607\" data-end=\"2690\">\n<p data-start=\"2609\" data-end=\"2690\">Il indique pour chaque entit\u00e9 l\u2019adresse \u00e9lectronique de facturation \u00e0 utiliser.<\/p>\n<\/li>\n<li data-start=\"2693\" data-end=\"2821\">\n<p data-start=\"2695\" data-end=\"2821\">Il permet donc de v\u00e9rifier si un client ou fournisseur est bien concern\u00e9 et de conna\u00eetre son mode de r\u00e9ception des factures.<\/p>\n<\/li>\n<\/ul>\n<\/li>\n<\/ul>\n<hr data-start=\"2823\" data-end=\"2826\" \/>\n<h2 data-start=\"2828\" data-end=\"2861\">Ce que cela change pour vous<\/h2>\n<ul data-start=\"2863\" data-end=\"3200\">\n<li data-start=\"2863\" data-end=\"2959\">\n<p data-start=\"2865\" data-end=\"2959\">Vous pouvez d\u00e8s maintenant v\u00e9rifier si vos partenaires commerciaux figurent dans l\u2019annuaire.<\/p>\n<\/li>\n<li data-start=\"2960\" data-end=\"3070\">\n<p data-start=\"2962\" data-end=\"3070\">L\u2019identification claire des adresses de facturation r\u00e9duit les risques d\u2019erreurs ou de rejets de factures.<\/p>\n<\/li>\n<li data-start=\"3071\" data-end=\"3200\">\n<p data-start=\"3073\" data-end=\"3200\">L\u2019utilisation de l\u2019annuaire central est indispensable pour se pr\u00e9parer aux \u00e9ch\u00e9ances de <strong data-start=\"3161\" data-end=\"3197\">septembre 2026 et septembre 2027<\/strong>.<\/p>\n<\/li>\n<\/ul>\n<hr data-start=\"3202\" data-end=\"3205\" \/>\n<h2 data-start=\"3207\" data-end=\"3232\">Notre accompagnement<\/h2>\n<p data-start=\"3234\" data-end=\"3256\">Nous vous aidons \u00e0 :<\/p>\n<ul data-start=\"3257\" data-end=\"3527\">\n<li data-start=\"3257\" data-end=\"3312\">\n<p data-start=\"3259\" data-end=\"3312\">comprendre le fonctionnement de l\u2019annuaire central,<\/p>\n<\/li>\n<li data-start=\"3313\" data-end=\"3392\">\n<p data-start=\"3315\" data-end=\"3392\">v\u00e9rifier la bonne inscription de votre entreprise et de vos \u00e9tablissements,<\/p>\n<\/li>\n<li data-start=\"3393\" data-end=\"3449\">\n<p data-start=\"3395\" data-end=\"3449\">configurer vos adresses de facturation \u00e9lectronique,<\/p>\n<\/li>\n<li data-start=\"3450\" data-end=\"3527\">\n<p data-start=\"3452\" data-end=\"3527\">s\u00e9curiser vos \u00e9changes avec vos clients, fournisseurs et administrations.<\/p>\n<\/li>\n<\/ul>\n<p data-start=\"3529\" data-end=\"3633\"><strong data-start=\"3529\" data-end=\"3549\">Notre objectif :<\/strong> vous permettre d\u2019aborder la facturation \u00e9lectronique avec s\u00e9r\u00e9nit\u00e9 et efficacit\u00e9.<\/p>\n<\/li>\n<\/ul>\n<\/div><\/div><\/div><\/section>\n<section class='av_toggle_section av-87fs36-dbd53b22021636c4c2ef23740a6fc04f'  itemscope=\"itemscope\" itemtype=\"https:\/\/schema.org\/CreativeWork\" ><div role=\"tablist\" class=\"single_toggle\" data-tags=\"{Tout} \"  ><p data-fake-id='#toggle-id-5' class='toggler   av-inherit-border-color'  itemprop=\"headline\"  role='tab' tabindex='0' aria-controls='toggle-id-5'>TPE\/PME : combien va vous co\u00fbter la transition vers l\u2019e-invoicing ?<span class=\"toggle_icon\"><span class=\"vert_icon\"><\/span><span class=\"hor_icon\"><\/span><\/span><\/p><div id='toggle-id-5' class='toggle_wrap  '  ><div class='toggle_content invers-color av-inherit-border-color'  itemprop=\"text\" ><p data-start=\"233\" data-end=\"502\">La r\u00e9forme de la facturation \u00e9lectronique entre en vigueur le <strong data-start=\"295\" data-end=\"317\">1er septembre 2026<\/strong>.<br data-start=\"318\" data-end=\"321\" \/>Toutes les entreprises devront alors se conformer aux nouvelles r\u00e8gles et passer par une <strong data-start=\"410\" data-end=\"436\">plateforme agr\u00e9\u00e9e (PA)<\/strong> pour envoyer et recevoir leurs factures au format \u00e9lectronique.<\/p>\n<p data-start=\"504\" data-end=\"653\">Cette \u00e9volution repr\u00e9sente un co\u00fbt qu\u2019il est important d\u2019anticiper, surtout pour les TPE et PME. Voici les principaux postes de d\u00e9penses \u00e0 pr\u00e9voir.<\/p>\n<hr data-start=\"655\" data-end=\"658\" \/>\n<h2 data-start=\"660\" data-end=\"685\">1. L\u2019audit pr\u00e9alable<\/h2>\n<p data-start=\"687\" data-end=\"709\">Un audit permet de :<\/p>\n<ul data-start=\"710\" data-end=\"881\">\n<li data-start=\"710\" data-end=\"762\">\n<p data-start=\"712\" data-end=\"762\">dresser un \u00e9tat des lieux de vos outils actuels,<\/p>\n<\/li>\n<li data-start=\"763\" data-end=\"805\">\n<p data-start=\"765\" data-end=\"805\">identifier les \u00e9volutions n\u00e9cessaires,<\/p>\n<\/li>\n<li data-start=\"806\" data-end=\"881\">\n<p data-start=\"808\" data-end=\"881\">envisager un changement vers une solution plus compl\u00e8te et centralis\u00e9e.<\/p>\n<\/li>\n<\/ul>\n<p data-start=\"883\" data-end=\"974\">Cet audit peut \u00eatre fait en interne (si vous avez les comp\u00e9tences) ou confi\u00e9 \u00e0 un expert.<\/p>\n<hr data-start=\"976\" data-end=\"979\" \/>\n<h2 data-start=\"981\" data-end=\"1028\">2. L\u2019adoption d\u2019une plateforme agr\u00e9\u00e9e (PA)<\/h2>\n<p data-start=\"1030\" data-end=\"1048\">La PA implique :<\/p>\n<ul data-start=\"1049\" data-end=\"1151\">\n<li data-start=\"1049\" data-end=\"1089\">\n<p data-start=\"1051\" data-end=\"1089\">la souscription \u00e0 un <strong data-start=\"1072\" data-end=\"1086\">abonnement<\/strong>,<\/p>\n<\/li>\n<li data-start=\"1090\" data-end=\"1151\">\n<p data-start=\"1092\" data-end=\"1151\">parfois l\u2019achat d\u2019un <strong data-start=\"1113\" data-end=\"1133\">logiciel interne<\/strong> compl\u00e9mentaire.<\/p>\n<\/li>\n<\/ul>\n<p data-start=\"1153\" data-end=\"1299\">Les offres sont vari\u00e9es et les tarifs vont du simple au double. L\u2019audit vous aide \u00e0 cibler vos besoins et \u00e0 choisir la solution la plus adapt\u00e9e.<\/p>\n<hr data-start=\"1301\" data-end=\"1304\" \/>\n<h2 data-start=\"1306\" data-end=\"1338\">3. La formation des \u00e9quipes<\/h2>\n<p data-start=\"1340\" data-end=\"1436\">La mise en place de l\u2019e-invoicing n\u00e9cessite de nouvelles habitudes.<br data-start=\"1407\" data-end=\"1410\" \/>La formation permet de :<\/p>\n<ul data-start=\"1437\" data-end=\"1550\">\n<li data-start=\"1437\" data-end=\"1463\">\n<p data-start=\"1439\" data-end=\"1463\">comprendre la r\u00e9forme,<\/p>\n<\/li>\n<li data-start=\"1464\" data-end=\"1501\">\n<p data-start=\"1466\" data-end=\"1501\">lever les doutes et id\u00e9es re\u00e7ues,<\/p>\n<\/li>\n<li data-start=\"1502\" data-end=\"1550\">\n<p data-start=\"1504\" data-end=\"1550\">instaurer un processus s\u00e9curis\u00e9 et conforme.<\/p>\n<\/li>\n<\/ul>\n<p data-start=\"1552\" data-end=\"1665\">La formation peut \u00eatre faite en interne ou via votre prestataire, qui propose g\u00e9n\u00e9ralement des modules adapt\u00e9s.<\/p>\n<hr data-start=\"1667\" data-end=\"1670\" \/>\n<h2 data-start=\"1672\" data-end=\"1708\">4. La maintenance et le support<\/h2>\n<p data-start=\"1710\" data-end=\"2000\">Inclus le plus souvent dans l\u2019abonnement, ce service est indispensable.<br data-start=\"1781\" data-end=\"1784\" \/>Un <strong data-start=\"1787\" data-end=\"1806\">support r\u00e9actif<\/strong> est crucial, car la facturation est au c\u0153ur de l\u2019activit\u00e9 de votre entreprise.<br data-start=\"1885\" data-end=\"1888\" \/>La qualit\u00e9 de la maintenance et de l\u2019assistance a un co\u00fbt, mais elle garantit la continuit\u00e9 de vos op\u00e9rations.<\/p>\n<hr data-start=\"2002\" data-end=\"2005\" \/>\n<h2 data-start=\"2007\" data-end=\"2037\">5. Optimiser votre budget<\/h2>\n<p data-start=\"2039\" data-end=\"2108\">Vous disposez de temps avant l\u2019\u00e9ch\u00e9ance de 2026. Profitez-en pour :<\/p>\n<ul data-start=\"2109\" data-end=\"2322\">\n<li data-start=\"2109\" data-end=\"2147\">\n<p data-start=\"2111\" data-end=\"2147\">lisser les d\u00e9penses dans le temps,<\/p>\n<\/li>\n<li data-start=\"2148\" data-end=\"2187\">\n<p data-start=\"2150\" data-end=\"2187\">former progressivement vos \u00e9quipes,<\/p>\n<\/li>\n<li data-start=\"2188\" data-end=\"2213\">\n<p data-start=\"2190\" data-end=\"2213\">pr\u00e9venir vos clients,<\/p>\n<\/li>\n<li data-start=\"2214\" data-end=\"2322\">\n<p data-start=\"2216\" data-end=\"2322\">rationaliser vos outils (r\u00e9silier les abonnements inutiles, regrouper vos besoins sur un seul logiciel).<\/p>\n<\/li>\n<\/ul>\n<hr data-start=\"2324\" data-end=\"2327\" \/>\n<h2 data-start=\"2329\" data-end=\"2370\">6. Un retour sur investissement r\u00e9el<\/h2>\n<p data-start=\"2372\" data-end=\"2429\">Au-del\u00e0 du co\u00fbt, l\u2019e-invoicing pr\u00e9sente des avantages :<\/p>\n<ul data-start=\"2430\" data-end=\"2690\">\n<li data-start=\"2430\" data-end=\"2478\">\n<p data-start=\"2432\" data-end=\"2478\"><strong data-start=\"2432\" data-end=\"2449\">gain de temps<\/strong> dans la gestion comptable,<\/p>\n<\/li>\n<li data-start=\"2479\" data-end=\"2537\">\n<p data-start=\"2481\" data-end=\"2537\"><strong data-start=\"2481\" data-end=\"2506\">r\u00e9duction des erreurs<\/strong> et donc des risques fiscaux,<\/p>\n<\/li>\n<li data-start=\"2538\" data-end=\"2619\">\n<p data-start=\"2540\" data-end=\"2619\"><strong data-start=\"2540\" data-end=\"2572\">automatisation des processus<\/strong> pour se concentrer sur votre c\u0153ur de m\u00e9tier,<\/p>\n<\/li>\n<li data-start=\"2620\" data-end=\"2690\">\n<p data-start=\"2622\" data-end=\"2690\">\u00e9conomies si un seul outil remplace plusieurs logiciels existants.<\/p>\n<\/li>\n<\/ul>\n<p data-start=\"2692\" data-end=\"2834\">En r\u00e9sum\u00e9, la r\u00e9forme est une contrainte au d\u00e9part, mais elle peut devenir un levier de performance et d\u2019optimisation pour votre entreprise.<\/p>\n<hr data-start=\"2836\" data-end=\"2839\" \/>\n<h2 data-start=\"2841\" data-end=\"2866\">Notre accompagnement<\/h2>\n<p data-start=\"2868\" data-end=\"2890\">Nous vous aidons \u00e0 :<\/p>\n<ul data-start=\"2891\" data-end=\"3087\">\n<li data-start=\"2891\" data-end=\"2928\">\n<p data-start=\"2893\" data-end=\"2928\">\u00e9valuer vos besoins via un audit,<\/p>\n<\/li>\n<li data-start=\"2929\" data-end=\"2979\">\n<p data-start=\"2931\" data-end=\"2979\">choisir la plateforme agr\u00e9\u00e9e la mieux adapt\u00e9e,<\/p>\n<\/li>\n<li data-start=\"2980\" data-end=\"3003\">\n<p data-start=\"2982\" data-end=\"3003\">former vos \u00e9quipes,<\/p>\n<\/li>\n<li data-start=\"3004\" data-end=\"3032\">\n<p data-start=\"3006\" data-end=\"3032\">s\u00e9curiser vos processus,<\/p>\n<\/li>\n<li data-start=\"3033\" data-end=\"3087\">\n<p data-start=\"3035\" data-end=\"3087\">optimiser vos co\u00fbts et tirer profit de la r\u00e9forme.<\/p>\n<\/li>\n<\/ul>\n<p data-start=\"3089\" data-end=\"3214\"><strong data-start=\"3089\" data-end=\"3103\">Objectif :<\/strong> transformer cette obligation en une opportunit\u00e9 pour simplifier et am\u00e9liorer la gestion de votre entreprise.<\/p>\n<\/div><\/div><\/div><\/section>\n<section class='av_toggle_section av-5oioaq-62ee2a9909b0ea3c4683dbf21afd93cd'  itemscope=\"itemscope\" itemtype=\"https:\/\/schema.org\/CreativeWork\" ><div role=\"tablist\" class=\"single_toggle\" data-tags=\"{Tout} \"  ><p data-fake-id='#toggle-id-6' class='toggler   av-inherit-border-color'  itemprop=\"headline\"  role='tab' tabindex='0' aria-controls='toggle-id-6'>Facturation \u00e9lectronique : les mentions obligatoires \u00e0 conna\u00eetre en 2026<span class=\"toggle_icon\"><span class=\"vert_icon\"><\/span><span class=\"hor_icon\"><\/span><\/span><\/p><div id='toggle-id-6' class='toggle_wrap  '  ><div class='toggle_content invers-color av-inherit-border-color'  itemprop=\"text\" ><section>\n<section>\n<p data-start=\"228\" data-end=\"495\">\u00c0 partir du <strong data-start=\"240\" data-end=\"262\">1er septembre 2026<\/strong>, la facturation \u00e9lectronique devient obligatoire pour toutes les entreprises.<br data-start=\"340\" data-end=\"343\" \/>Objectifs : harmoniser les processus, lutter contre la fraude, renforcer la comp\u00e9titivit\u00e9, s\u00e9curiser les donn\u00e9es et automatiser les contr\u00f4les fiscaux.<\/p>\n<p data-start=\"497\" data-end=\"619\">Toutes les entreprises assujetties \u00e0 la TVA sont concern\u00e9es : grandes entreprises, ETI, PME, TPE et micro-entrepreneurs.<\/p>\n<ul data-start=\"620\" data-end=\"773\">\n<li data-start=\"620\" data-end=\"683\">\n<p data-start=\"622\" data-end=\"683\"><strong data-start=\"622\" data-end=\"644\">1er septembre 2026<\/strong> : obligation de r\u00e9ception pour tous.<\/p>\n<\/li>\n<li data-start=\"684\" data-end=\"773\">\n<p data-start=\"686\" data-end=\"773\"><strong data-start=\"686\" data-end=\"708\">1er septembre 2027<\/strong> : obligation d\u2019\u00e9mission pour les micro-entreprises et TPE\/PME.<\/p>\n<\/li>\n<\/ul>\n<hr data-start=\"775\" data-end=\"778\" \/>\n<h2 data-start=\"780\" data-end=\"836\">Mentions traditionnelles obligatoires d\u2019une facture<\/h2>\n<p data-start=\"838\" data-end=\"914\">Une facture \u00e9lectronique doit toujours contenir les mentions habituelles :<\/p>\n<ul data-start=\"915\" data-end=\"1318\">\n<li data-start=\"915\" data-end=\"959\">\n<p data-start=\"917\" data-end=\"959\">Coordonn\u00e9es du fournisseur et du client,<\/p>\n<\/li>\n<li data-start=\"960\" data-end=\"993\">\n<p data-start=\"962\" data-end=\"993\">Num\u00e9ro et date de la facture,<\/p>\n<\/li>\n<li data-start=\"994\" data-end=\"1035\">\n<p data-start=\"996\" data-end=\"1035\">Date de r\u00e9alisation de la prestation,<\/p>\n<\/li>\n<li data-start=\"1036\" data-end=\"1068\">\n<p data-start=\"1038\" data-end=\"1068\">Num\u00e9ro de commande \u00e9ventuel,<\/p>\n<\/li>\n<li data-start=\"1069\" data-end=\"1106\">\n<p data-start=\"1071\" data-end=\"1106\">Num\u00e9ro d\u2019identification \u00e0 la TVA,<\/p>\n<\/li>\n<li data-start=\"1107\" data-end=\"1134\">\n<p data-start=\"1109\" data-end=\"1134\">Taux de TVA applicable,<\/p>\n<\/li>\n<li data-start=\"1135\" data-end=\"1176\">\n<p data-start=\"1137\" data-end=\"1176\">D\u00e9signation des produits ou services,<\/p>\n<\/li>\n<li data-start=\"1177\" data-end=\"1236\">\n<p data-start=\"1179\" data-end=\"1236\">Prix unitaire, r\u00e9ductions\/majorations, total HT et TTC,<\/p>\n<\/li>\n<li data-start=\"1237\" data-end=\"1264\">\n<p data-start=\"1239\" data-end=\"1264\">Adresse de facturation,<\/p>\n<\/li>\n<li data-start=\"1265\" data-end=\"1291\">\n<p data-start=\"1267\" data-end=\"1291\">Modalit\u00e9s de paiement,<\/p>\n<\/li>\n<li data-start=\"1292\" data-end=\"1318\">\n<p data-start=\"1294\" data-end=\"1318\">Garanties \u00e9ventuelles.<\/p>\n<\/li>\n<\/ul>\n<hr data-start=\"1320\" data-end=\"1323\" \/>\n<h2 data-start=\"1325\" data-end=\"1390\">Mentions sp\u00e9cifiques \u00e0 l\u2019e-invoicing (nouvelles obligations)<\/h2>\n<p data-start=\"1392\" data-end=\"1478\">D\u00e8s 2026, de nouvelles informations doivent figurer sur les factures \u00e9lectroniques :<\/p>\n<ul data-start=\"1479\" data-end=\"1699\">\n<li data-start=\"1479\" data-end=\"1516\">\n<p data-start=\"1481\" data-end=\"1516\">Num\u00e9ro <strong data-start=\"1488\" data-end=\"1513\">SIREN\/SIRET du client<\/strong>,<\/p>\n<\/li>\n<li data-start=\"1517\" data-end=\"1535\">\n<p data-start=\"1519\" data-end=\"1535\"><strong data-start=\"1519\" data-end=\"1532\">Code pays<\/strong>,<\/p>\n<\/li>\n<li data-start=\"1536\" data-end=\"1591\">\n<p data-start=\"1538\" data-end=\"1591\"><strong data-start=\"1538\" data-end=\"1563\">Nature de l\u2019op\u00e9ration<\/strong> (livraison, prestation\u2026),<\/p>\n<\/li>\n<li data-start=\"1592\" data-end=\"1640\">\n<p data-start=\"1594\" data-end=\"1640\">Montant HT\/TTC <strong data-start=\"1609\" data-end=\"1637\">par taux de TVA appliqu\u00e9<\/strong>,<\/p>\n<\/li>\n<li data-start=\"1641\" data-end=\"1699\">\n<p data-start=\"1643\" data-end=\"1699\"><strong data-start=\"1643\" data-end=\"1687\">Identifiant de la plateforme agr\u00e9\u00e9e (PA)<\/strong> utilis\u00e9e.<\/p>\n<\/li>\n<\/ul>\n<hr data-start=\"1701\" data-end=\"1704\" \/>\n<h2 data-start=\"1706\" data-end=\"1745\">Sanctions en cas de non-conformit\u00e9<\/h2>\n<ul data-start=\"1747\" data-end=\"1924\">\n<li data-start=\"1747\" data-end=\"1832\">\n<p data-start=\"1749\" data-end=\"1832\"><strong data-start=\"1749\" data-end=\"1775\">Factures non conformes<\/strong> : 15 \u20ac d\u2019amende par facture (plafond 15 000 \u20ac par an).<\/p>\n<\/li>\n<li data-start=\"1833\" data-end=\"1924\">\n<p data-start=\"1835\" data-end=\"1924\"><strong data-start=\"1835\" data-end=\"1861\">E-reporting d\u00e9faillant<\/strong> : 250 \u20ac d\u2019amende par transmission (plafond 15 000 \u20ac par an).<\/p>\n<\/li>\n<\/ul>\n<hr data-start=\"1926\" data-end=\"1929\" \/>\n<h2 data-start=\"1931\" data-end=\"1969\">Comment se mettre en conformit\u00e9 ?<\/h2>\n<ul data-start=\"1971\" data-end=\"2328\">\n<li data-start=\"1971\" data-end=\"2051\">\n<p data-start=\"1973\" data-end=\"2051\">Choisir une <strong data-start=\"1985\" data-end=\"2011\">plateforme agr\u00e9\u00e9e (PA)<\/strong> valid\u00e9e par l\u2019administration fiscale.<\/p>\n<\/li>\n<li data-start=\"2052\" data-end=\"2111\">\n<p data-start=\"2054\" data-end=\"2111\">R\u00e9aliser un <strong data-start=\"2066\" data-end=\"2083\">audit interne<\/strong> de vos besoins et outils.<\/p>\n<\/li>\n<li data-start=\"2112\" data-end=\"2223\">\n<p data-start=\"2114\" data-end=\"2223\">Mettre en place une <strong data-start=\"2134\" data-end=\"2159\">formation des \u00e9quipes<\/strong> pour comprendre les enjeux et adopter de nouvelles pratiques.<\/p>\n<\/li>\n<li data-start=\"2224\" data-end=\"2328\">\n<p data-start=\"2226\" data-end=\"2328\">Anticiper d\u00e8s maintenant pour \u00e9viter les blocages et agir en urgence \u00e0 l\u2019approche de la date butoir.<\/p>\n<\/li>\n<\/ul>\n<hr data-start=\"2330\" data-end=\"2333\" \/>\n<h2 data-start=\"2335\" data-end=\"2360\">Notre accompagnement<\/h2>\n<p data-start=\"2362\" data-end=\"2384\">Nous vous aidons \u00e0 :<\/p>\n<ul data-start=\"2385\" data-end=\"2543\">\n<li data-start=\"2385\" data-end=\"2428\">\n<p data-start=\"2387\" data-end=\"2428\">v\u00e9rifier la conformit\u00e9 de vos factures,<\/p>\n<\/li>\n<li data-start=\"2429\" data-end=\"2475\">\n<p data-start=\"2431\" data-end=\"2475\">choisir et int\u00e9grer une plateforme agr\u00e9\u00e9e,<\/p>\n<\/li>\n<li data-start=\"2476\" data-end=\"2499\">\n<p data-start=\"2478\" data-end=\"2499\">former vos \u00e9quipes,<\/p>\n<\/li>\n<li data-start=\"2500\" data-end=\"2543\">\n<p data-start=\"2502\" data-end=\"2543\">s\u00e9curiser vos processus de facturation.<\/p>\n<\/li>\n<\/ul>\n<p data-start=\"2545\" data-end=\"2635\"><strong data-start=\"2545\" data-end=\"2559\">Objectif :<\/strong> \u00eatre en r\u00e8gle d\u00e8s septembre 2026, sans stress et sans risque de sanction.<\/p>\n<\/section>\n<section><\/section>\n<\/section>\n<\/div><\/div><\/div><\/section>\n<section class='av_toggle_section av-4u7plu-2609264800352e97dc56b3476badcf03'  itemscope=\"itemscope\" itemtype=\"https:\/\/schema.org\/CreativeWork\" ><div role=\"tablist\" class=\"single_toggle\" data-tags=\"{Tout} \"  ><p data-fake-id='#toggle-id-7' class='toggler   av-inherit-border-color'  itemprop=\"headline\"  role='tab' tabindex='0' aria-controls='toggle-id-7'>E-invoicing : quelles mentions obligatoires int\u00e9grer aux factures ?<span class=\"toggle_icon\"><span class=\"vert_icon\"><\/span><span class=\"hor_icon\"><\/span><\/span><\/p><div id='toggle-id-7' class='toggle_wrap  '  ><div class='toggle_content invers-color av-inherit-border-color'  itemprop=\"text\" ><p data-start=\"249\" data-end=\"387\">\u00c0 compter du <strong data-start=\"262\" data-end=\"284\">1er septembre 2026<\/strong>, toutes les entreprises fran\u00e7aises devront \u00eatre capables de <strong data-start=\"345\" data-end=\"384\">recevoir des factures \u00e9lectroniques<\/strong>.<\/p>\n<ul data-start=\"388\" data-end=\"618\">\n<li data-start=\"388\" data-end=\"499\">\n<p data-start=\"390\" data-end=\"499\">Les <strong data-start=\"394\" data-end=\"417\">grandes entreprises<\/strong> et les <strong data-start=\"425\" data-end=\"432\">ETI<\/strong> devront aussi \u00e9mettre des factures \u00e9lectroniques d\u00e8s cette date.<\/p>\n<\/li>\n<li data-start=\"500\" data-end=\"618\">\n<p data-start=\"502\" data-end=\"618\">Les <strong data-start=\"506\" data-end=\"534\">PME et micro-entreprises<\/strong> b\u00e9n\u00e9ficieront d\u2019un d\u00e9lai suppl\u00e9mentaire d\u2019un an, jusqu\u2019au <strong data-start=\"593\" data-end=\"615\">1er septembre 2027<\/strong>.<\/p>\n<\/li>\n<\/ul>\n<hr data-start=\"620\" data-end=\"623\" \/>\n<h2 data-start=\"625\" data-end=\"676\">Les nouvelles mentions obligatoires \u00e0 int\u00e9grer<\/h2>\n<p data-start=\"678\" data-end=\"787\">\u00c0 partir de 2026, de nouvelles informations devront imp\u00e9rativement figurer sur les factures \u00e9lectroniques :<\/p>\n<ul data-start=\"789\" data-end=\"1072\">\n<li data-start=\"789\" data-end=\"829\">\n<p data-start=\"791\" data-end=\"829\">Le <strong data-start=\"794\" data-end=\"810\">num\u00e9ro SIREN<\/strong> de l\u2019entreprise,<\/p>\n<\/li>\n<li data-start=\"830\" data-end=\"910\">\n<p data-start=\"832\" data-end=\"910\">L\u2019<strong data-start=\"834\" data-end=\"868\">adresse de livraison des biens<\/strong> (si diff\u00e9rente de l\u2019adresse du client),<\/p>\n<\/li>\n<li data-start=\"911\" data-end=\"1002\">\n<p data-start=\"913\" data-end=\"1002\">La <strong data-start=\"916\" data-end=\"941\">nature de l\u2019op\u00e9ration<\/strong> : livraison de biens, prestation de services, ou les deux,<\/p>\n<\/li>\n<li data-start=\"1003\" data-end=\"1072\">\n<p data-start=\"1005\" data-end=\"1072\">La mention relative au <strong data-start=\"1028\" data-end=\"1069\">paiement de la TVA \u00e0 la date du d\u00e9bit<\/strong>.<\/p>\n<\/li>\n<\/ul>\n<p data-start=\"1074\" data-end=\"1146\">Ces quatre mentions deviennent obligatoires d\u00e8s le 1er septembre 2026.<\/p>\n<hr data-start=\"1148\" data-end=\"1151\" \/>\n<h2 data-start=\"1153\" data-end=\"1192\">Comment se pr\u00e9parer efficacement ?<\/h2>\n<p data-start=\"1194\" data-end=\"1287\">Il reste peu de temps pour anticiper cette r\u00e9forme. Les entreprises doivent d\u00e8s \u00e0 pr\u00e9sent :<\/p>\n<ul data-start=\"1288\" data-end=\"1612\">\n<li data-start=\"1288\" data-end=\"1344\">\n<p data-start=\"1290\" data-end=\"1344\">adopter un <strong data-start=\"1301\" data-end=\"1341\">logiciel de facturation \u00e9lectronique<\/strong>,<\/p>\n<\/li>\n<li data-start=\"1345\" data-end=\"1415\">\n<p data-start=\"1347\" data-end=\"1415\">int\u00e9grer les nouvelles mentions obligatoires dans leurs processus,<\/p>\n<\/li>\n<li data-start=\"1416\" data-end=\"1496\">\n<p data-start=\"1418\" data-end=\"1496\">sensibiliser leurs \u00e9quipes pour assurer une saisie correcte et syst\u00e9matique,<\/p>\n<\/li>\n<li data-start=\"1497\" data-end=\"1612\">\n<p data-start=\"1499\" data-end=\"1612\">v\u00e9rifier la volum\u00e9trie d\u2019informations \u00e0 collecter, notamment si elles travaillent avec de nombreux partenaires.<\/p>\n<\/li>\n<\/ul>\n<p data-start=\"1614\" data-end=\"1654\">Cette pr\u00e9paration progressive permet :<\/p>\n<ul data-start=\"1655\" data-end=\"1796\">\n<li data-start=\"1655\" data-end=\"1683\">\n<p data-start=\"1657\" data-end=\"1683\">de s\u2019adapter en douceur,<\/p>\n<\/li>\n<li data-start=\"1684\" data-end=\"1750\">\n<p data-start=\"1686\" data-end=\"1750\">de montrer son s\u00e9rieux et sa conformit\u00e9 vis-\u00e0-vis des clients,<\/p>\n<\/li>\n<li data-start=\"1751\" data-end=\"1796\">\n<p data-start=\"1753\" data-end=\"1796\">d\u2019\u00e9viter les blocages de derni\u00e8re minute.<\/p>\n<\/li>\n<\/ul>\n<hr data-start=\"1798\" data-end=\"1801\" \/>\n<h2 data-start=\"1803\" data-end=\"1872\">Cas particulier : les entreprises qui n\u2019\u00e9mettent pas de factures<\/h2>\n<p data-start=\"1874\" data-end=\"2125\">M\u00eame si une entreprise <strong data-start=\"1897\" data-end=\"1922\">n\u2019\u00e9met aucune facture<\/strong>, elle en re\u00e7oit tr\u00e8s probablement.<br data-start=\"1957\" data-end=\"1960\" \/>Elle devra donc \u00eatre capable de <strong data-start=\"1992\" data-end=\"2050\">les recevoir au format \u00e9lectronique d\u00e8s septembre 2026<\/strong>, quelle que soit sa taille (grande entreprise, PME ou micro-entreprise).<\/p>\n<p data-start=\"2127\" data-end=\"2215\">En r\u00e9sum\u00e9 : <strong data-start=\"2139\" data-end=\"2213\">toutes les entreprises sans exception doivent se mettre en conformit\u00e9.<\/strong><\/p>\n<hr data-start=\"2217\" data-end=\"2220\" \/>\n<h2 data-start=\"2222\" data-end=\"2247\">Notre accompagnement<\/h2>\n<p data-start=\"2249\" data-end=\"2271\">Nous vous aidons \u00e0 :<\/p>\n<ul data-start=\"2272\" data-end=\"2518\">\n<li data-start=\"2272\" data-end=\"2343\">\n<p data-start=\"2274\" data-end=\"2343\">identifier et int\u00e9grer les mentions obligatoires dans vos factures,<\/p>\n<\/li>\n<li data-start=\"2344\" data-end=\"2400\">\n<p data-start=\"2346\" data-end=\"2400\">mettre en place un outil compatible avec la r\u00e9forme,<\/p>\n<\/li>\n<li data-start=\"2401\" data-end=\"2463\">\n<p data-start=\"2403\" data-end=\"2463\">s\u00e9curiser la transmission et la r\u00e9ception de vos factures,<\/p>\n<\/li>\n<li data-start=\"2464\" data-end=\"2518\">\n<p data-start=\"2466\" data-end=\"2518\">former vos \u00e9quipes pour adopter les bons r\u00e9flexes.<\/p>\n<\/li>\n<\/ul>\n<p data-start=\"2520\" data-end=\"2599\"><strong data-start=\"2520\" data-end=\"2534\">Objectif :<\/strong> vous assurer une mise en conformit\u00e9 simple, rapide et durable.<\/p>\n<\/div><\/div><\/div><\/section>\n<section class='av_toggle_section av-2m0mf6-822f18d5e61348e3160ac2f4f5606e0d'  itemscope=\"itemscope\" itemtype=\"https:\/\/schema.org\/CreativeWork\" ><div role=\"tablist\" class=\"single_toggle\" data-tags=\"{Tout} \"  ><p data-fake-id='#toggle-id-8' class='toggler   av-inherit-border-color'  itemprop=\"headline\"  role='tab' tabindex='0' aria-controls='toggle-id-8'>Exportateurs et facturation \u00e9lectronique : ce que vous devez anticiper<span class=\"toggle_icon\"><span class=\"vert_icon\"><\/span><span class=\"hor_icon\"><\/span><\/span><\/p><div id='toggle-id-8' class='toggle_wrap  '  ><div class='toggle_content invers-color av-inherit-border-color'  itemprop=\"text\" ><p data-start=\"247\" data-end=\"442\">La r\u00e9forme de la facturation \u00e9lectronique ne concerne pas uniquement les op\u00e9rations domestiques.<br data-start=\"343\" data-end=\"346\" \/>Les entreprises tourn\u00e9es vers l\u2019international doivent se pr\u00e9parer \u00e0 deux \u00e9volutions majeures :<\/p>\n<ol data-start=\"443\" data-end=\"623\">\n<li data-start=\"443\" data-end=\"524\">\n<p data-start=\"446\" data-end=\"524\"><strong data-start=\"446\" data-end=\"495\">l\u2019adaptation de leurs syst\u00e8mes de facturation<\/strong> aux formats \u00e9lectroniques,<\/p>\n<\/li>\n<li data-start=\"525\" data-end=\"623\">\n<p data-start=\"528\" data-end=\"623\"><strong data-start=\"528\" data-end=\"573\">la transmission des donn\u00e9es (e-reporting)<\/strong> pour toutes leurs op\u00e9rations transfrontali\u00e8res.<\/p>\n<\/li>\n<\/ol>\n<hr data-start=\"625\" data-end=\"628\" \/>\n<h2 data-start=\"630\" data-end=\"675\">Une r\u00e9forme aux effets extra-frontaliers<\/h2>\n<ul data-start=\"677\" data-end=\"1093\">\n<li data-start=\"677\" data-end=\"821\">\n<p data-start=\"679\" data-end=\"821\">\u00c0 partir de <strong data-start=\"691\" data-end=\"709\">septembre 2026<\/strong>, toutes les entreprises \u00e9tablies en France devront \u00e9mettre et recevoir leurs factures au format \u00e9lectronique.<\/p>\n<\/li>\n<li data-start=\"822\" data-end=\"1093\">\n<p data-start=\"824\" data-end=\"972\">Les exportateurs ne sont pas soumis directement \u00e0 l\u2019e-invoicing (leurs clients \u00e9tant \u00e0 l\u2019\u00e9tranger), mais ils doivent r\u00e9aliser du <strong data-start=\"953\" data-end=\"968\">e-reporting<\/strong> :<\/p>\n<ul data-start=\"975\" data-end=\"1093\">\n<li data-start=\"975\" data-end=\"1010\">\n<p data-start=\"977\" data-end=\"1010\">Livraisons intracommunautaires,<\/p>\n<\/li>\n<li data-start=\"1013\" data-end=\"1046\">\n<p data-start=\"1015\" data-end=\"1046\">Exportations vers pays tiers,<\/p>\n<\/li>\n<li data-start=\"1049\" data-end=\"1093\">\n<p data-start=\"1051\" data-end=\"1093\">Prestations de services internationales.<\/p>\n<\/li>\n<\/ul>\n<\/li>\n<\/ul>\n<p data-start=\"1095\" data-end=\"1169\">Toutes les donn\u00e9es devront transiter par une <strong data-start=\"1140\" data-end=\"1166\">plateforme agr\u00e9\u00e9e (PA)<\/strong>.<\/p>\n<hr data-start=\"1171\" data-end=\"1174\" \/>\n<h2 data-start=\"1176\" data-end=\"1233\">La conformit\u00e9 technique, une condition indispensable<\/h2>\n<p data-start=\"1235\" data-end=\"1409\">Le e-reporting repose sur la <strong data-start=\"1264\" data-end=\"1303\">transmission structur\u00e9e des donn\u00e9es<\/strong> de facturation et, selon les cas, de paiement.<br data-start=\"1350\" data-end=\"1353\" \/>Les seuls formats accept\u00e9s : <strong data-start=\"1382\" data-end=\"1406\">Factur-X, CII et UBL<\/strong>.<\/p>\n<p data-start=\"1411\" data-end=\"1427\">Cons\u00e9quences :<\/p>\n<ul data-start=\"1428\" data-end=\"1712\">\n<li data-start=\"1428\" data-end=\"1489\">\n<p data-start=\"1430\" data-end=\"1489\">Les fichiers Excel ou PDF simples ne sont plus autoris\u00e9s.<\/p>\n<\/li>\n<li data-start=\"1490\" data-end=\"1579\">\n<p data-start=\"1492\" data-end=\"1579\">Les syst\u00e8mes actuels doivent \u00eatre mis \u00e0 niveau et interconnect\u00e9s \u00e0 une <strong data-start=\"1563\" data-end=\"1576\">PA agr\u00e9\u00e9e<\/strong>.<\/p>\n<\/li>\n<li data-start=\"1580\" data-end=\"1712\">\n<p data-start=\"1582\" data-end=\"1712\">Le choix de la solution d\u00e9pend de la volum\u00e9trie des flux, du niveau d\u2019automatisation, des besoins multilingues ou multi-devises.<\/p>\n<\/li>\n<\/ul>\n<hr data-start=\"1714\" data-end=\"1717\" \/>\n<h2 data-start=\"1719\" data-end=\"1781\">Le r\u00f4le cl\u00e9 des professionnels dans la mise en conformit\u00e9<\/h2>\n<p data-start=\"1783\" data-end=\"1806\">Il est essentiel de :<\/p>\n<ul data-start=\"1807\" data-end=\"2023\">\n<li data-start=\"1807\" data-end=\"1858\">\n<p data-start=\"1809\" data-end=\"1858\">v\u00e9rifier la compatibilit\u00e9 des outils existants,<\/p>\n<\/li>\n<li data-start=\"1859\" data-end=\"1912\">\n<p data-start=\"1861\" data-end=\"1912\">identifier les flux concern\u00e9s par le e-reporting,<\/p>\n<\/li>\n<li data-start=\"1913\" data-end=\"1957\">\n<p data-start=\"1915\" data-end=\"1957\">mettre \u00e0 jour les mentions obligatoires,<\/p>\n<\/li>\n<li data-start=\"1958\" data-end=\"2023\">\n<p data-start=\"1960\" data-end=\"2023\">automatiser les processus et structurer les donn\u00e9es fiscales.<\/p>\n<\/li>\n<\/ul>\n<p data-start=\"2025\" data-end=\"2145\">Un audit pr\u00e9alable et des tests permettent de r\u00e9duire les risques de blocage et de s\u00e9curiser la cha\u00eene de facturation.<\/p>\n<hr data-start=\"2147\" data-end=\"2150\" \/>\n<h2 data-start=\"2152\" data-end=\"2206\">Exportation et fiscalit\u00e9 : un \u00e9quilibre \u00e0 trouver<\/h2>\n<ul data-start=\"2208\" data-end=\"2543\">\n<li data-start=\"2208\" data-end=\"2311\">\n<p data-start=\"2210\" data-end=\"2311\">Les donn\u00e9es transmises via le e-reporting doivent \u00eatre coh\u00e9rentes avec les <strong data-start=\"2285\" data-end=\"2308\">d\u00e9clarations de TVA<\/strong>.<\/p>\n<\/li>\n<li data-start=\"2312\" data-end=\"2441\">\n<p data-start=\"2314\" data-end=\"2441\">L\u2019exon\u00e9ration de TVA sur les exportations reste soumise \u00e0 la fourniture de justificatifs (preuve de sortie du territoire UE).<\/p>\n<\/li>\n<li data-start=\"2442\" data-end=\"2543\">\n<p data-start=\"2444\" data-end=\"2543\">Toute incoh\u00e9rence peut remettre en cause l\u2019exon\u00e9ration et entra\u00eener r\u00e9gularisations et p\u00e9nalit\u00e9s.<\/p>\n<\/li>\n<\/ul>\n<p data-start=\"2545\" data-end=\"2637\">La coordination entre services comptables, commerciaux et douaniers devient indispensable.<\/p>\n<hr data-start=\"2639\" data-end=\"2642\" \/>\n<h2 data-start=\"2644\" data-end=\"2693\">Une r\u00e9forme nationale dans un cadre europ\u00e9en<\/h2>\n<p data-start=\"2695\" data-end=\"2759\">La r\u00e9forme fran\u00e7aise s\u2019inscrit dans une dynamique europ\u00e9enne :<\/p>\n<ul data-start=\"2760\" data-end=\"3035\">\n<li data-start=\"2760\" data-end=\"2901\">\n<p data-start=\"2762\" data-end=\"2901\">Le projet <strong data-start=\"2772\" data-end=\"2800\">\u201cVAT in the digital age\u201d<\/strong> pr\u00e9voit \u00e0 partir de 2028 une transmission harmonis\u00e9e des donn\u00e9es de facturation transfrontali\u00e8res.<\/p>\n<\/li>\n<li data-start=\"2902\" data-end=\"3035\">\n<p data-start=\"2904\" data-end=\"3035\">\u00c0 terme, un syst\u00e8me europ\u00e9en int\u00e9gr\u00e9 pourrait imposer la facturation \u00e9lectronique pour toutes les livraisons intracommunautaires.<\/p>\n<\/li>\n<\/ul>\n<p data-start=\"3037\" data-end=\"3180\">Les exportateurs doivent donc anticiper en choisissant d\u00e8s aujourd\u2019hui des outils \u00e9volutifs et compatibles avec les standards internationaux.<\/p>\n<hr data-start=\"3182\" data-end=\"3185\" \/>\n<h2 data-start=\"3187\" data-end=\"3212\">Notre accompagnement<\/h2>\n<p data-start=\"3214\" data-end=\"3236\">Nous vous aidons \u00e0 :<\/p>\n<ul data-start=\"3237\" data-end=\"3440\">\n<li data-start=\"3237\" data-end=\"3283\">\n<p data-start=\"3239\" data-end=\"3283\">identifier les flux soumis au e-reporting,<\/p>\n<\/li>\n<li data-start=\"3284\" data-end=\"3343\">\n<p data-start=\"3286\" data-end=\"3343\">mettre \u00e0 niveau vos syst\u00e8mes et formats de facturation,<\/p>\n<\/li>\n<li data-start=\"3344\" data-end=\"3382\">\n<p data-start=\"3346\" data-end=\"3382\">s\u00e9curiser vos exon\u00e9rations de TVA,<\/p>\n<\/li>\n<li data-start=\"3383\" data-end=\"3440\">\n<p data-start=\"3385\" data-end=\"3440\">anticiper la convergence avec les normes europ\u00e9ennes.<\/p>\n<\/li>\n<\/ul>\n<p data-start=\"3442\" data-end=\"3597\"><strong data-start=\"3442\" data-end=\"3456\">Objectif :<\/strong> transformer cette obligation en une opportunit\u00e9 pour am\u00e9liorer vos process, acc\u00e9l\u00e9rer vos paiements et renforcer votre conformit\u00e9 fiscale.<\/p>\n<section><\/section>\n<\/div><\/div><\/div><\/section>\n<\/div><\/div>\n<style type=\"text\/css\" data-created_by=\"avia_inline_auto\" id=\"style-css-av-mg3d5l75-0dc43fd0df569fd4c5a1d11ed63fcaa4\">\n.avia-image-container.av-mg3d5l75-0dc43fd0df569fd4c5a1d11ed63fcaa4 img.avia_image{\nbox-shadow:none;\n}\n.avia-image-container.av-mg3d5l75-0dc43fd0df569fd4c5a1d11ed63fcaa4 .av-image-caption-overlay-center{\ncolor:#ffffff;\n}\n<\/style>\n<div  class='avia-image-container av-mg3d5l75-0dc43fd0df569fd4c5a1d11ed63fcaa4 av-styling- avia-align-center  avia-builder-el-5  el_after_av_one_full  el_before_av_hr '   itemprop=\"image\" itemscope=\"itemscope\" itemtype=\"https:\/\/schema.org\/ImageObject\" ><div class=\"avia-image-container-inner\"><div class=\"avia-image-overlay-wrap\"><img decoding=\"async\" fetchpriority=\"high\" class='wp-image-3995 avia-img-lazy-loading-not-3995 avia_image ' src=\"https:\/\/hmcc.fr\/wp-content\/uploads\/2025\/09\/Image-FE.png\" alt='' title='Image FE'  height=\"687\" width=\"1030\"  itemprop=\"thumbnailUrl\" srcset=\"https:\/\/hmcc.fr\/wp-content\/uploads\/2025\/09\/Image-FE.png 1536w, https:\/\/hmcc.fr\/wp-content\/uploads\/2025\/09\/Image-FE-300x200.png 300w\" sizes=\"(max-width: 1030px) 100vw, 1030px\" \/><\/div><\/div><\/div><\/p>\n<div  class='hr av-99j3de-dfa4cba41bd546a063ce282bb62919b5 hr-default  avia-builder-el-6  el_after_av_image  el_before_av_section  avia-builder-el-last '><span class='hr-inner '><span class=\"hr-inner-style\"><\/span><\/span><\/div>\n<\/div><\/div><\/div><!-- close content main div --><\/div><\/div><div id='av_section_1'  class='avia-section av-eohmr-87a782ddde8b8ce3e682c2f6bb82e941 alternate_color avia-section-large avia-no-border-styling  avia-builder-el-7  el_after_av_hr  el_before_av_one_full  avia-bg-style-parallax av-minimum-height av-minimum-height-50 av-height-50  container_wrap sidebar_right'   data-av_minimum_height_pc='50' data-av_min_height_opt='50'><div class='container av-section-cont-open' ><div class='template-page content  av-content-small alpha units'><div class='post-entry post-entry-type-page post-entry-3988'><div class='entry-content-wrapper clearfix'><\/div><\/div><\/div><!-- close content main div --><\/div><\/div><div id='after_section_1'  class='main_color av_default_container_wrap container_wrap sidebar_right'  ><div class='container av-section-cont-open' ><div class='template-page content  av-content-small alpha units'><div class='post-entry post-entry-type-page post-entry-3988'><div class='entry-content-wrapper clearfix'>\n\n<style type=\"text\/css\" data-created_by=\"avia_inline_auto\" id=\"style-css-av-d08lti-bf8bbd18839bf60346cdffe91da42034\">\n.flex_column.av-d08lti-bf8bbd18839bf60346cdffe91da42034{\nborder-radius:0px 0px 0px 0px;\npadding:0px 0px 0px 0px;\n}\n<\/style>\n<div  class='flex_column av-d08lti-bf8bbd18839bf60346cdffe91da42034 av_one_full  avia-builder-el-8  el_after_av_section  el_before_av_section  avia-builder-el-no-sibling  first flex_column_div av-zero-column-padding  '     ><form action=\"https:\/\/hmcc.fr\/?page_id=3988\" method=\"post\" data-fields-with-error=\"Erreurs trouv\u00e9es dans les champs suivants :\" class=\"avia_ajax_form av-form-labels-visible   avia-builder-el-9  avia-builder-el-no-sibling   \" data-avia-form-id=\"1\" data-avia-redirect='' ><h3 class=''>Prenez contact avec nos experts<\/h3><fieldset><p class='  first_form  form_element form_fullwidth' id='element_avia_1_1'><label for=\"avia_1_1\">Nom <abbr class=\"required\" title=\"requis(e)\">*<\/abbr><\/label> <input name=\"avia_1_1\" class=\"text_input is_empty\" type=\"text\" id=\"avia_1_1\" value=\"\" \/><\/p><p class='  first_form  form_element form_fullwidth' id='element_avia_2_1'><label for=\"avia_2_1\">Pr\u00e9nom <abbr class=\"required\" title=\"requis(e)\">*<\/abbr><\/label> <input name=\"avia_2_1\" class=\"text_input is_empty\" type=\"text\" id=\"avia_2_1\" value=\"\" \/><\/p><p class='  first_form  form_element form_fullwidth' id='element_avia_3_1'><label for=\"avia_3_1\">Soci\u00e9t\u00e9 <abbr class=\"required\" title=\"requis(e)\">*<\/abbr><\/label> <input name=\"avia_3_1\" class=\"text_input is_empty\" type=\"text\" id=\"avia_3_1\" value=\"\" \/><\/p><p class='  first_form  form_element form_fullwidth' id='element_avia_4_1'><label for=\"avia_4_1\">Adresse mail <abbr class=\"required\" title=\"requis(e)\">*<\/abbr><\/label> <input name=\"avia_4_1\" class=\"text_input is_email\" type=\"text\" id=\"avia_4_1\" value=\"\" \/><\/p><p class='  first_form  form_element form_fullwidth' id='element_avia_5_1'><label for=\"avia_5_1\">Num\u00e9ro de t\u00e9l\u00e9phone <abbr class=\"required\" title=\"requis(e)\">*<\/abbr><\/label> <input name=\"avia_5_1\" class=\"text_input is_phone\" type=\"text\" id=\"avia_5_1\" value=\"\" \/><\/p><p class='  first_form  form_element form_fullwidth' id='element_avia_6_1'><label for=\"avia_6_1\">Sujet <abbr class=\"required\" title=\"requis(e)\">*<\/abbr><\/label> <input name=\"avia_6_1\" class=\"text_input is_empty\" type=\"text\" id=\"avia_6_1\" value=\"\" \/><\/p><p class='  first_form  form_element form_fullwidth av-last-visible-form-element' id='element_avia_7_1'><label for=\"avia_7_1\" class=\"textare_label hidden textare_label_avia_7_1\">Description <abbr class=\"required\" title=\"requis(e)\">*<\/abbr><\/label><textarea  name=\"avia_7_1\" class=\"text_area is_empty\" cols=\"40\" rows=\"7\" id=\"avia_7_1\" ><\/textarea><\/p><p class=\"hidden\"><input type=\"text\" name=\"avia_8_1\" class=\"hidden \" id=\"avia_8_1\" value=\"\" \/><\/p><p class=\"form_element \"><input type=\"hidden\" value=\"1\" name=\"avia_generated_form1\" \/><input type=\"submit\" value=\"Envoyer\" class=\"button\"  data-sending-label=\"Envoi\"\/><\/p><\/fieldset><\/form><div id=\"ajaxresponse_1\" class=\"ajaxresponse ajaxresponse_1 hidden\"><\/div><\/div>\n<\/div><\/div><\/div><!-- close content main div --><\/div><\/div>\n<style type=\"text\/css\" data-created_by=\"avia_inline_auto\" id=\"style-css-av-t5023-e5ace4218d590d0240abeeba883e8ca4\">\n.avia-section.av-t5023-e5ace4218d590d0240abeeba883e8ca4{\nbackground-color:#bd262e;\nbackground-image:unset;\n}\n<\/style>\n<div id='av_section_2'  class='avia-section av-t5023-e5ace4218d590d0240abeeba883e8ca4 main_color avia-section-default avia-no-border-styling  avia-builder-el-10  el_after_av_one_full  avia-builder-el-last  avia-bg-style-parallax container_wrap sidebar_right'  ><div class='container av-section-cont-open' ><div class='template-page content  av-content-small alpha units'><div class='post-entry post-entry-type-page post-entry-3988'><div class='entry-content-wrapper clearfix'>\n\n<style type=\"text\/css\" data-created_by=\"avia_inline_auto\" id=\"style-css-av-6cbjb-0c9735436b9ee25c194bc12b2f2c2576\">\n.flex_column.av-6cbjb-0c9735436b9ee25c194bc12b2f2c2576{\nborder-radius:0px 0px 0px 0px;\npadding:0px 0px 0px 0px;\n}\n<\/style>\n<div  class='flex_column av-6cbjb-0c9735436b9ee25c194bc12b2f2c2576 av_one_fourth  avia-builder-el-11  el_before_av_one_fourth  avia-builder-el-first  first flex_column_div av-zero-column-padding  '     ><style type=\"text\/css\" data-created_by=\"avia_inline_auto\" id=\"style-css-av-k8mqox8v-8fb18f689998f2fb1250ed881f7b44e5\">\n#top .av_textblock_section.av-k8mqox8v-8fb18f689998f2fb1250ed881f7b44e5 .avia_textblock{\ncolor:#ffffff;\n}\n<\/style>\n<section  class='av_textblock_section av-k8mqox8v-8fb18f689998f2fb1250ed881f7b44e5 '   itemscope=\"itemscope\" itemtype=\"https:\/\/schema.org\/CreativeWork\" ><div class='avia_textblock av_inherit_color'  itemprop=\"text\" ><p style=\"text-align: center;\"><strong>PARIS<\/strong><\/p>\n<p style=\"text-align: center;\">42 Boulevard de la Bastille<\/p>\n<p style=\"text-align: center;\">75012 PARIS<\/p>\n<\/div><\/section><\/div>\n<style type=\"text\/css\" data-created_by=\"avia_inline_auto\" id=\"style-css-av-5svm3-1446ae7644be89cb12d58b1bf721990c\">\n.flex_column.av-5svm3-1446ae7644be89cb12d58b1bf721990c{\nborder-radius:0px 0px 0px 0px;\npadding:0px 0px 0px 0px;\n}\n<\/style>\n<div  class='flex_column av-5svm3-1446ae7644be89cb12d58b1bf721990c av_one_fourth  avia-builder-el-13  el_after_av_one_fourth  el_before_av_one_fourth  flex_column_div av-zero-column-padding  '     ><style type=\"text\/css\" data-created_by=\"avia_inline_auto\" id=\"style-css-av-k8mqntuz-529612a71a8fcd2ffcd17ab917d2722f\">\n#top .av_textblock_section.av-k8mqntuz-529612a71a8fcd2ffcd17ab917d2722f .avia_textblock{\ncolor:#ffffff;\n}\n<\/style>\n<section  class='av_textblock_section av-k8mqntuz-529612a71a8fcd2ffcd17ab917d2722f '   itemscope=\"itemscope\" itemtype=\"https:\/\/schema.org\/CreativeWork\" ><div class='avia_textblock av_inherit_color'  itemprop=\"text\" ><p style=\"text-align: center;\"><strong>ARPAJON<\/strong><\/p>\n<p style=\"text-align: center;\">25 Grande Rue<\/p>\n<p style=\"text-align: center;\">91290 ARPAJON<\/p>\n<\/div><\/section><\/div>\n<style type=\"text\/css\" data-created_by=\"avia_inline_auto\" id=\"style-css-av-59z7n-c560a8f6193285eb3cb969cef814752f\">\n.flex_column.av-59z7n-c560a8f6193285eb3cb969cef814752f{\nborder-radius:0px 0px 0px 0px;\npadding:0px 0px 0px 0px;\n}\n<\/style>\n<div  class='flex_column av-59z7n-c560a8f6193285eb3cb969cef814752f av_one_fourth  avia-builder-el-15  el_after_av_one_fourth  el_before_av_one_fourth  flex_column_div av-zero-column-padding  '     ><style type=\"text\/css\" data-created_by=\"avia_inline_auto\" id=\"style-css-av-k8mqox8v-1-32e70fd633551e2b6995b8ff9498f986\">\n#top .av_textblock_section.av-k8mqox8v-1-32e70fd633551e2b6995b8ff9498f986 .avia_textblock{\ncolor:#ffffff;\n}\n<\/style>\n<section  class='av_textblock_section av-k8mqox8v-1-32e70fd633551e2b6995b8ff9498f986 '   itemscope=\"itemscope\" itemtype=\"https:\/\/schema.org\/CreativeWork\" ><div class='avia_textblock av_inherit_color'  itemprop=\"text\" ><p style=\"text-align: center;\"><strong>Tel : 01 43 44 52 22<\/strong><\/p>\n<p style=\"text-align: center;\"><strong>Email : <a href=\"mailto:contact@hmcc.fr\">contact@hmcc.fr<\/a><\/strong><\/p>\n<\/div><\/section><\/div>\n<style type=\"text\/css\" data-created_by=\"avia_inline_auto\" id=\"style-css-av-4ife3-57343f42445e3900b1f3a8e70a6b2faa\">\n.flex_column.av-4ife3-57343f42445e3900b1f3a8e70a6b2faa{\nborder-radius:0px 0px 0px 0px;\npadding:0px 0px 0px 0px;\n}\n<\/style>\n<div  class='flex_column av-4ife3-57343f42445e3900b1f3a8e70a6b2faa av_one_fourth  avia-builder-el-17  el_after_av_one_fourth  avia-builder-el-last  flex_column_div av-zero-column-padding  '     ><style type=\"text\/css\" data-created_by=\"avia_inline_auto\" id=\"style-css-av-kg9h3mf6-21d4e243c778dbbcc250424f1e51e778\">\n#top .av_textblock_section.av-kg9h3mf6-21d4e243c778dbbcc250424f1e51e778 .avia_textblock{\ncolor:#ffffff;\n}\n<\/style>\n<section  class='av_textblock_section av-kg9h3mf6-21d4e243c778dbbcc250424f1e51e778 '   itemscope=\"itemscope\" itemtype=\"https:\/\/schema.org\/CreativeWork\" ><div class='avia_textblock av_inherit_color'  itemprop=\"text\" ><p><strong>Nous vous accueillons<\/strong><br \/>\nDu lundi au jeudi :\u00a0 \u00a0 \u00a0 \u00a0 \u00a0 \u00a0 \u00a0 \u00a0 \u00a0 \u00a0 \u00a0 \u00a0 \u00a0 \u00a0 \u00a0 \u00a0 \u00a0 \u00a0 \u00a0 \u00a0 \u00a08h30 \u27fa 12h30\u00a0 | \u00a013h30 \u27fa 17h30<br \/>\nLe vendredi :\u00a0 \u00a0 \u00a0 \u00a0 \u00a0 \u00a0 \u00a0 \u00a0 \u00a0 \u00a0 \u00a0 \u00a0 \u00a0 \u00a0 \u00a0 \u00a0 \u00a0 \u00a0 \u00a0 \u00a0 \u00a0 \u00a0 \u00a0 \u00a0 \u00a0 \u00a08h30 \u27fa 12h30\u00a0 | \u00a013h30 \u27fa 16h30<\/p>\n<\/div><\/section><\/div>\n<\/div><\/div><\/div><!-- close content main div --><\/div><\/div><div id='after_section_2'  class='main_color av_default_container_wrap container_wrap sidebar_right'  ><div class='container av-section-cont-open' ><div class='template-page content  av-content-small alpha units'><div class='post-entry post-entry-type-page post-entry-3988'><div class='entry-content-wrapper clearfix'>\n","protected":false},"excerpt":{"rendered":"","protected":false},"author":8,"featured_media":2948,"parent":0,"menu_order":2,"comment_status":"closed","ping_status":"closed","template":"","meta":{"footnotes":""},"class_list":["post-3988","page","type-page","status-publish","has-post-thumbnail","hentry"],"_links":{"self":[{"href":"https:\/\/hmcc.fr\/index.php?rest_route=\/wp\/v2\/pages\/3988","targetHints":{"allow":["GET"]}}],"collection":[{"href":"https:\/\/hmcc.fr\/index.php?rest_route=\/wp\/v2\/pages"}],"about":[{"href":"https:\/\/hmcc.fr\/index.php?rest_route=\/wp\/v2\/types\/page"}],"author":[{"embeddable":true,"href":"https:\/\/hmcc.fr\/index.php?rest_route=\/wp\/v2\/users\/8"}],"replies":[{"embeddable":true,"href":"https:\/\/hmcc.fr\/index.php?rest_route=%2Fwp%2Fv2%2Fcomments&post=3988"}],"version-history":[{"count":9,"href":"https:\/\/hmcc.fr\/index.php?rest_route=\/wp\/v2\/pages\/3988\/revisions"}],"predecessor-version":[{"id":4002,"href":"https:\/\/hmcc.fr\/index.php?rest_route=\/wp\/v2\/pages\/3988\/revisions\/4002"}],"wp:featuredmedia":[{"embeddable":true,"href":"https:\/\/hmcc.fr\/index.php?rest_route=\/"}],"wp:attachment":[{"href":"https:\/\/hmcc.fr\/index.php?rest_route=%2Fwp%2Fv2%2Fmedia&parent=3988"}],"curies":[{"name":"wp","href":"https:\/\/api.w.org\/{rel}","templated":true}]}}