{"id":3204,"date":"2020-10-14T10:56:51","date_gmt":"2020-10-14T08:56:51","guid":{"rendered":"https:\/\/hmcc.fr\/?page_id=3204"},"modified":"2020-10-14T10:56:51","modified_gmt":"2020-10-14T08:56:51","slug":"mentions-legales","status":"publish","type":"page","link":"https:\/\/hmcc.fr\/?page_id=3204","title":{"rendered":"Mentions l\u00e9gales"},"content":{"rendered":"\n<style type=\"text\/css\" data-created_by=\"avia_inline_auto\" id=\"style-css-av-kg95tnfw-01ee8689039ae67cd264d2b4d98d871a\">\n#top .av-special-heading.av-kg95tnfw-01ee8689039ae67cd264d2b4d98d871a{\npadding-bottom:10px;\ncolor:#a30808;\n}\nbody .av-special-heading.av-kg95tnfw-01ee8689039ae67cd264d2b4d98d871a .av-special-heading-tag .heading-char{\nfont-size:25px;\n}\n.av-special-heading.av-kg95tnfw-01ee8689039ae67cd264d2b4d98d871a .special-heading-inner-border{\nborder-color:#a30808;\n}\n.av-special-heading.av-kg95tnfw-01ee8689039ae67cd264d2b4d98d871a .av-subheading{\nfont-size:15px;\n}\n<\/style>\n<div  class='av-special-heading av-kg95tnfw-01ee8689039ae67cd264d2b4d98d871a av-special-heading-h3 custom-color-heading  avia-builder-el-0  el_before_av_one_full  avia-builder-el-first '><h3 class='av-special-heading-tag'  itemprop=\"headline\"  >Mentions L\u00e9gales et Politiques de Confidentialit\u00e9s<\/h3><div class=\"special-heading-border\"><div class=\"special-heading-inner-border\"><\/div><\/div><\/div>\n\n<style type=\"text\/css\" data-created_by=\"avia_inline_auto\" id=\"style-css-av-av_one_full-25347b0a799d5b9f7058434b2a9c3182\">\n.flex_column.av-av_one_full-25347b0a799d5b9f7058434b2a9c3182{\nborder-radius:0px 0px 0px 0px;\npadding:0px 0px 0px 0px;\n}\n<\/style>\n<div  class='flex_column av-av_one_full-25347b0a799d5b9f7058434b2a9c3182 av_one_full  avia-builder-el-1  el_after_av_heading  avia-builder-el-last  first flex_column_div av-zero-column-padding  '     ><section  class='av_textblock_section av-kg95r08d-cc4b58b2277b7e12352f79b9dd6d797a '   itemscope=\"itemscope\" itemtype=\"https:\/\/schema.org\/CreativeWork\" ><div class='avia_textblock'  itemprop=\"text\" ><p class=\"htmlGeneratedp\"><span class=\"htmlGeneratedanyCharacter\"><span lang=\"EN-US\" style=\"font-size: 12.0pt; color: black;\">La soci\u00e9t\u00e9\u00a0HMCC (Herv\u00e9 Miniou Conseil Comptabilit\u00e9),\u00a0soucieuse\u00a0des droits des individus, notamment au regard des traitements automatis\u00e9s\u00a0et dans une volont\u00e9 de transparence avec ses clients, a mis en place une politique reprenant l\u2019ensemble de ces traitements, des finalit\u00e9s poursuivies par ces derniers ainsi que des moyens d\u2019actions \u00e0 la disposition des individus afin qu\u2019ils puissent au mieux exercer leurs droits.\u00a0<\/span><\/span><\/p>\n<p class=\"htmlGeneratedp\"><span class=\"htmlGeneratedanyCharacter\"><span lang=\"EN-US\" style=\"font-size: 12.0pt; color: black;\">Pour toute information compl\u00e9mentaire sur la protection des donn\u00e9es personnelles, nous vous invitons \u00e0 consulter le site\u00a0:\u00a0<\/span><\/span><span lang=\"EN-US\"><a href=\"https:\/\/www.cnil.fr\/\"><span class=\"htmlGeneratedanyCharacter\"><span style=\"font-size: 12.0pt; color: black;\">https:\/\/www.cnil.fr\/<\/span><\/span><\/a><\/span><\/p>\n<p class=\"htmlGeneratedp\"><span lang=\"EN-US\">\u00a0<\/span><span class=\"htmlGeneratedanyCharacter\"><span lang=\"EN-US\" style=\"font-size: 12.0pt; color: black;\">La poursuite de la navigation sur ce site vaut acceptation sans r\u00e9serve des dispositions et conditions d&rsquo;utilisation qui suivent.\u00a0<\/span><\/span><\/p>\n<p class=\"htmlGeneratedp\"><span class=\"htmlGeneratedanyCharacter\"><span lang=\"EN-US\" style=\"font-size: 12.0pt; color: black;\">La version actuellement en ligne de ces conditions d&rsquo;utilisation est la seule opposable pendant toute la dur\u00e9e d&rsquo;utilisation du site et jusqu&rsquo;\u00e0 ce qu&rsquo;une nouvelle version la remplace.<\/span><\/span><\/p>\n<p class=\"htmlGeneratedp\"><span lang=\"EN-US\"><br \/>\n<\/span><span class=\"htmlGeneratedanyCharacter\"><b><span lang=\"EN-US\" style=\"font-size: 12.0pt; color: black;\">Article 1 &#8211; Mentions\u00a0l\u00e9gales<\/span><\/b><\/span><\/p>\n<p class=\"htmlGeneratedp\"><span lang=\"EN-US\"><br \/>\n<\/span><span class=\"htmlGeneratedanyCharacter\"><u style=\"text-underline: black;\"><span lang=\"EN-US\" style=\"font-size: 12.0pt; color: black;\">1.1\u00a0Site (ci-apr\u00e8s \u00ab\u00a0le site\u00a0\u00bb)<\/span><\/u><\/span><span class=\"htmlGeneratedanyCharacter\"><span lang=\"EN-US\" style=\"font-size: 12.0pt; color: black;\">\u00a0:\u00a0<\/span><\/span><\/p>\n<p class=\"htmlGeneratedp\"><span lang=\"EN-US\">\u00a0<\/span><span class=\"htmlGeneratedanyCharacter\"><span lang=\"EN-US\" style=\"font-size: 12.0pt; color: black;\">www.hmcc.fr<\/span><\/span><\/p>\n<p class=\"htmlGeneratedp\"><span lang=\"EN-US\">\u00a0<\/span><\/p>\n<p class=\"htmlGeneratedp\"><span class=\"htmlGeneratedanyCharacter\"><u style=\"text-underline: black;\"><span lang=\"EN-US\" style=\"font-size: 12.0pt; color: black;\">1.2\u00a0\u00c9diteur (ci-apr\u00e8s \u00ab\u00a0l&rsquo;\u00e9diteur\u00a0\u00bb)<\/span><\/u><\/span><span class=\"htmlGeneratedanyCharacter\"><span lang=\"EN-US\" style=\"font-size: 12.0pt; color: black;\">\u00a0:\u00a0<\/span><\/span><\/p>\n<p class=\"htmlGeneratedp\"><span lang=\"EN-US\">\u00a0<\/span><span class=\"htmlGeneratedanyCharacter\"><span lang=\"EN-US\" style=\"font-size: 12.0pt; color: black;\">HMCC (Herv\u00e9 Miniou Conseil Comptabilit\u00e9)\u00a0SARL\u00a0au capital de\u00a0227 911\u00a0\u20ac<\/span><\/span><\/p>\n<p class=\"htmlGeneratedp\"><span class=\"htmlGeneratedanyCharacter\"><span lang=\"EN-US\" style=\"font-size: 12.0pt; color: black;\">dont le si\u00e8ge social est situ\u00e9 :\u00a042 boulevard de la bastille, 75012 Paris.<\/span><\/span><\/p>\n<p class=\"htmlGeneratedp\"><span class=\"htmlGeneratedanyCharacter\"><span lang=\"EN-US\" style=\"font-size: 12.0pt; color: black;\">Repr\u00e9sent\u00e9e par\u00a0Alan et Herv\u00e9 MINIOU, en leur qualit\u00e9 d\u2019associ\u00e9s,<\/span><\/span><\/p>\n<p class=\"htmlGeneratedp\"><span class=\"htmlGeneratedanyCharacter\"><span lang=\"EN-US\" style=\"font-size: 12.0pt; color: black;\">immatricul\u00e9e au RCS de\u00a0Paris 419 753\u00a0736.<\/span><\/span><\/p>\n<p class=\"htmlGeneratedp\"><span class=\"htmlGeneratedanyCharacter\"><span lang=\"EN-US\" style=\"font-size: 12.0pt; color: black;\">n\u00b0 de t\u00e9l\u00e9phone\u00a0:\u00a00143445222<\/span><\/span><\/p>\n<p class=\"htmlGeneratedp\"><span class=\"htmlGeneratedanyCharacter\"><span lang=\"EN-US\" style=\"font-size: 12.0pt; color: black;\">adresse mail :\u00a0contact@hmcc.fr<\/span><\/span><\/p>\n<p class=\"htmlGeneratedp\"><span class=\"htmlGeneratedanyCharacter\"><span lang=\"EN-US\" style=\"font-size: 12.0pt; color: black;\">Directeur de la publication :\u00a0Alan MINIOU<\/span><\/span><\/p>\n<p class=\"htmlGeneratedp\"><span lang=\"EN-US\">\u00a0<\/span><\/p>\n<p class=\"htmlGeneratedp\"><span class=\"htmlGeneratedanyCharacter\"><u style=\"text-underline: black;\"><span lang=\"EN-US\" style=\"font-size: 12.0pt; color: black;\">1.3\u00a0H\u00e9bergeur (ci-apr\u00e8s \u00ab l&rsquo;h\u00e9bergeur \u00bb)<\/span><\/u><\/span><span class=\"htmlGeneratedanyCharacter\"><span lang=\"EN-US\" style=\"font-size: 12.0pt; color: black;\">\u00a0:\u00a0<\/span><\/span><\/p>\n<p class=\"htmlGeneratedp\"><span lang=\"EN-US\">\u00a0<\/span><span class=\"htmlGeneratedanyCharacter\"><span lang=\"EN-US\" style=\"font-size: 12.0pt; color: black;\">www.hmcc.fr\u00a0est h\u00e9berg\u00e9 par\u00a0Wee Technology , dont le si\u00e8ge social est situ\u00e9\u00a013 avenue Joseph Kessel\u00a078180 Montigny-le-Bretonneux.<br \/>\n<\/span><\/span><span lang=\"EN-US\">\u00a0<\/span><\/p>\n<p class=\"htmlGeneratedp\"><span class=\"htmlGeneratedanyCharacter\"><span lang=\"EN-US\" style=\"font-size: 12.0pt; color: black;\">\u00a0<\/span><\/span><\/p>\n<p class=\"htmlGeneratedp\"><span class=\"htmlGeneratedanyCharacter\"><b><span lang=\"EN-US\" style=\"font-size: 12.0pt; color: black;\">Article 2 &#8211;\u00a0Acc\u00e8s au site<\/span><\/b><\/span><\/p>\n<p class=\"htmlGeneratedp\"><span class=\"htmlGeneratedanyCharacter\"><span lang=\"EN-US\" style=\"font-size: 12.0pt; color: black;\">L&rsquo;acc\u00e8s au site et son utilisation sont r\u00e9serv\u00e9s \u00e0 un usage professionnel. Vous vous engagez \u00e0 ne pas utiliser ce site et les informations ou donn\u00e9es qui y figurent \u00e0 l&rsquo;envoi de courriers \u00e9lectroniques non sollicit\u00e9s.<\/span><\/span><\/p>\n<p class=\"htmlGeneratedp\"><span lang=\"EN-US\">\u00a0<\/span><\/p>\n<p class=\"htmlGeneratedp\"><span lang=\"EN-US\"><br \/>\n<\/span><span class=\"htmlGeneratedanyCharacter\"><b><span lang=\"EN-US\" style=\"font-size: 12.0pt; color: black;\">Article 3 &#8211;\u00a0Contenu du site<\/span><\/b><\/span><\/p>\n<p class=\"htmlGeneratedp\"><span class=\"htmlGeneratedanyCharacter\"><span lang=\"EN-US\" style=\"font-size: 12.0pt; color: black;\">Toutes les marques, photographies, textes, commentaires, illustrations, images anim\u00e9es ou non, s\u00e9quences vid\u00e9o, sons, ainsi que toutes les applications informatiques qui pourraient \u00eatre utilis\u00e9es pour faire fonctionner ce site et plus g\u00e9n\u00e9ralement tous les \u00e9l\u00e9ments reproduits ou utilis\u00e9s sur le site sont prot\u00e9g\u00e9s par les lois en vigueur au titre de la propri\u00e9t\u00e9 intellectuelle.<\/span><\/span><\/p>\n<p class=\"htmlGeneratedp\"><span class=\"htmlGeneratedanyCharacter\"><span lang=\"EN-US\" style=\"font-size: 12.0pt; color: black;\">Les visuels utilis\u00e9s sur ce site sont la propri\u00e9t\u00e9 de pixabay.com, fotofolia.com ou ont \u00e9t\u00e9 prise par les \u00e9quipes de HMCC.<\/span><\/span><\/p>\n<p class=\"htmlGeneratedp\"><span class=\"htmlGeneratedanyCharacter\"><span lang=\"EN-US\" style=\"font-size: 12.0pt; color: black;\">Ils sont la propri\u00e9t\u00e9 pleine et enti\u00e8re de l&rsquo;\u00e9diteur ou de ses partenaires. Toute reproduction, repr\u00e9sentation, utilisation ou adaptation, sous quelque forme que ce soit, de tout ou partie de ces \u00e9l\u00e9ments, y compris les applications informatiques, sans l&rsquo;accord pr\u00e9alable et \u00e9crit de l&rsquo;\u00e9diteur, sont strictement interdites. Le fait pour l&rsquo;\u00e9diteur de ne pas engager de proc\u00e9dure d\u00e8s la prise de connaissance de ces utilisations non autoris\u00e9es ne vaut pas acceptation desdites utilisations et renonciation aux poursuites.<\/span><\/span><\/p>\n<p class=\"htmlGeneratedp\"><span lang=\"EN-US\"><br \/>\n<\/span><span class=\"htmlGeneratedanyCharacter\"><b><span lang=\"EN-US\" style=\"font-size: 12.0pt; color: black;\">Article 4 &#8211;\u00a0Gestion du site<\/span><\/b><\/span><\/p>\n<p class=\"htmlGeneratedp\"><span class=\"htmlGeneratedanyCharacter\"><span lang=\"EN-US\" style=\"font-size: 12.0pt; color: black;\">Pour la bonne gestion du site, l&rsquo;\u00e9diteur pourra \u00e0 tout moment\u00a0:<\/span><\/span><\/p>\n<p class=\"htmlGeneratedp\"><span class=\"htmlGeneratedanyCharacter\"><span lang=\"EN-US\" style=\"font-size: 12.0pt; color: black;\">&#8211;\u00a0\u00a0suspendre, interrompre ou limiter l&rsquo;acc\u00e8s \u00e0 tout ou partie du site, r\u00e9server l&rsquo;acc\u00e8s au site, ou \u00e0 certaines parties du site, \u00e0 une cat\u00e9gorie d\u00e9termin\u00e9e d&rsquo;internautes ;<\/span><\/span><\/p>\n<p class=\"htmlGeneratedp\"><span class=\"htmlGeneratedanyCharacter\"><span lang=\"EN-US\" style=\"font-size: 12.0pt; color: black;\">&#8211;\u00a0\u00a0supprimer toute information pouvant en perturber le fonctionnement ou entrant en contravention avec les lois nationales ou internationales ;<\/span><\/span><\/p>\n<p class=\"htmlGeneratedp\"><span class=\"htmlGeneratedanyCharacter\"><span lang=\"EN-US\" style=\"font-size: 12.0pt; color: black;\">&#8211;\u00a0\u00a0suspendre le site afin de proc\u00e9der \u00e0 des mises \u00e0 jour.<\/span><\/span><\/p>\n<p class=\"htmlGeneratedp\"><span lang=\"EN-US\"><br \/>\n<\/span><span class=\"htmlGeneratedanyCharacter\"><b><span lang=\"EN-US\" style=\"font-size: 12.0pt; color: black;\">Article 5 &#8211;\u00a0Responsabilit\u00e9s<\/span><\/b><\/span><\/p>\n<p class=\"htmlGeneratedp\"><span class=\"htmlGeneratedanyCharacter\"><span lang=\"EN-US\" style=\"font-size: 12.0pt; color: black;\">La responsabilit\u00e9 de l&rsquo;\u00e9diteur ne peut \u00eatre engag\u00e9e en cas de d\u00e9faillance, panne, difficult\u00e9 ou interruption de fonctionnement, emp\u00eachant l&rsquo;acc\u00e8s au site ou \u00e0 une de ses fonctionnalit\u00e9s.<\/span><\/span><\/p>\n<p class=\"htmlGeneratedp\"><span class=\"htmlGeneratedanyCharacter\"><span lang=\"EN-US\" style=\"font-size: 12.0pt; color: black;\">Le mat\u00e9riel de connexion au site que vous utilisez est sous votre enti\u00e8re responsabilit\u00e9. Vous devez prendre toutes les mesures appropri\u00e9es pour prot\u00e9ger votre mat\u00e9riel et vos propres donn\u00e9es notamment d&rsquo;attaques virales par Internet. Vous \u00eates par ailleurs\u00a0seul responsable des sites et donn\u00e9es que vous consultez.<\/span><\/span><\/p>\n<p class=\"htmlGeneratedp\"><span lang=\"EN-US\">\u00a0<\/span><\/p>\n<p class=\"htmlGeneratedp\"><span class=\"htmlGeneratedanyCharacter\"><span lang=\"EN-US\" style=\"font-size: 12.0pt; color: black;\">L&rsquo;\u00e9diteur ne pourra \u00eatre tenu responsable en cas de poursuites judiciaires \u00e0 votre encontre :<\/span><\/span><\/p>\n<p class=\"htmlGeneratedp\"><span class=\"htmlGeneratedanyCharacter\"><span lang=\"EN-US\" style=\"font-size: 12.0pt; color: black;\">&#8211;\u00a0\u00a0du fait de l&rsquo;usage du site ou de tout service accessible\u00a0via\u00a0Internet\u00a0;<\/span><\/span><\/p>\n<p class=\"htmlGeneratedp\"><span class=\"htmlGeneratedanyCharacter\"><span lang=\"EN-US\" style=\"font-size: 12.0pt; color: black;\">&#8211;\u00a0\u00a0du fait du non-respect par vous des pr\u00e9sentes conditions g\u00e9n\u00e9rales.<\/span><\/span><\/p>\n<p class=\"htmlGeneratedp\"><span class=\"htmlGeneratedanyCharacter\"><span lang=\"EN-US\" style=\"font-size: 12.0pt; color: black;\">L&rsquo;\u00e9diteur n&rsquo;est pas responsable des dommages caus\u00e9s \u00e0 vous-m\u00eame, \u00e0 des tiers et\/ou \u00e0 votre \u00e9quipement du fait de votre connexion ou de votre utilisation du site et vous renoncez \u00e0 toute action contre lui de ce fait.<\/span><\/span><\/p>\n<p class=\"htmlGeneratedp\"><span class=\"htmlGeneratedanyCharacter\"><span lang=\"EN-US\" style=\"font-size: 12.0pt; color: black;\">Si l&rsquo;\u00e9diteur venait \u00e0 faire l&rsquo;objet d&rsquo;une proc\u00e9dure amiable ou judiciaire en\u00a0raison de votre utilisation du site, il pourra se retourner contre vous pour obtenir l&rsquo;indemnisation de tous les pr\u00e9judices, sommes, condamnations et frais qui pourraient d\u00e9couler de cette proc\u00e9dure.<\/span><\/span><\/p>\n<p class=\"htmlGeneratedp\"><span class=\"htmlGeneratedanyCharacter\"><span lang=\"EN-US\" style=\"font-size: 12.0pt; color: black;\">\u00a0<\/span><\/span><\/p>\n<p class=\"htmlGeneratedp\"><span lang=\"EN-US\">\u00a0<\/span><span class=\"htmlGeneratedanyCharacter\"><b><span lang=\"EN-US\" style=\"font-size: 12.0pt; color: black;\">Article 6 &#8211; Liens hypertextes<\/span><\/b><\/span><span lang=\"EN-US\">\u00a0<\/span><\/p>\n<p class=\"htmlGeneratedp\"><span class=\"htmlGeneratedanyCharacter\"><span lang=\"EN-US\" style=\"font-size: 12.0pt; color: black;\">La mise en place par les utilisateurs\u00a0de tous liens hypertextes vers tout ou partie du site\u00a0est strictement interdite, sauf autorisation pr\u00e9alable et \u00e9crite de l&rsquo;\u00e9diteur.\u00a0<\/span><\/span><\/p>\n<p class=\"htmlGeneratedp\"><span class=\"htmlGeneratedanyCharacter\"><span lang=\"EN-US\" style=\"font-size: 12.0pt; color: black;\">L&rsquo;\u00e9diteur est libre de refuser cette autorisation sans avoir \u00e0 justifier de quelque mani\u00e8re que ce soit sa d\u00e9cision. Dans le cas o\u00f9 l&rsquo;\u00e9diteur accorderait son autorisation, celle-ci n&rsquo;est dans tous les cas que temporaire et pourra \u00eatre retir\u00e9e \u00e0 tout moment, sans obligation de justification \u00e0 la charge de l&rsquo;\u00e9diteur.<\/span><\/span><\/p>\n<p class=\"htmlGeneratedp\"><span class=\"htmlGeneratedanyCharacter\"><span lang=\"EN-US\" style=\"font-size: 12.0pt; color: black;\">Toute information accessible\u00a0via\u00a0un lien vers d&rsquo;autres sites n&rsquo;est pas publi\u00e9e par l&rsquo;\u00e9diteur. L&rsquo;\u00e9diteur ne dispose d&rsquo;aucun droit sur le contenu pr\u00e9sent dans ledit lien.\u00a0<\/span><\/span><\/p>\n<p class=\"htmlGeneratedp\"><span lang=\"EN-US\"><br \/>\n<\/span><span class=\"htmlGeneratedanyCharacter\"><b><span lang=\"EN-US\" style=\"font-size: 12.0pt; color: black;\">Article 7 &#8211;\u00a0Collecte et protection\u00a0des donn\u00e9es<\/span><\/b><\/span><\/p>\n<p class=\"htmlGeneratedp\"><span class=\"htmlGeneratedanyCharacter\"><span lang=\"EN-US\" style=\"font-size: 12.0pt; color: black;\">La soci\u00e9t\u00e9\u00a0HMCC (Herv\u00e9 Miniou Conseil Comptabilit\u00e9)<\/span> <\/span><span class=\"htmlGeneratedanyCharacter\"><span lang=\"EN-US\" style=\"font-size: 12.0pt; color: black;\">ne collecte pas de donn\u00e9es personnelles.<\/span><\/span><\/p>\n<p class=\"htmlGeneratedp\"><span lang=\"EN-US\">\u00a0<\/span><\/p>\n<p class=\"htmlGeneratedp\"><span class=\"htmlGeneratedanyCharacter\"><b><span lang=\"EN-US\" style=\"font-size: 12.0pt; color: black;\">Article 8 &#8211; Droit d\u2019acc\u00e8s, de rectification et de d\u00e9r\u00e9f\u00e9rencement de vos donn\u00e9es<\/span><\/b><\/span><\/p>\n<p class=\"htmlGeneratedp\"><span lang=\"EN-US\" style=\"color: #525252;\">\u00a0<\/span><\/p>\n<p class=\"htmlGeneratedp\"><span class=\"htmlGeneratedanyCharacter\"><b><span lang=\"EN-US\" style=\"font-size: 12.0pt; color: black;\">Article 9 &#8211; Utilisation des donn\u00e9es<\/span><\/b><\/span><\/p>\n<p class=\"htmlGeneratedp\"><span class=\"htmlGeneratedanyCharacter\"><span lang=\"EN-US\" style=\"font-size: 12.0pt; color: black;\">Les donn\u00e9es personnelles collect\u00e9es aupr\u00e8s des utilisateurs ont pour objectif la mise \u00e0 disposition des services de la Plateforme, leur am\u00e9lioration et le maintien d&rsquo;un environnement s\u00e9curis\u00e9. La base l\u00e9gale des traitements est l\u2019ex\u00e9cution du contrat entre l\u2019utilisateur et la Plateforme.<\/span><\/span><\/p>\n<p class=\"htmlGeneratedp\" style=\"text-align: justify;\"><span class=\"htmlGeneratedanyCharacter\"><span lang=\"EN-US\" style=\"font-size: 12.0pt; color: black;\">\u00a0<\/span><\/span><\/p>\n<p class=\"htmlGeneratedp\"><span class=\"htmlGeneratedanyCharacter\"><b><span lang=\"EN-US\" style=\"font-size: 12.0pt; color: black;\">Article 10 &#8211; Politique de conservation des donn\u00e9es<\/span><\/b><\/span><\/p>\n<p class=\"htmlGeneratedp\"><span lang=\"EN-US\">\u00a0<\/span><span class=\"htmlGeneratedanyCharacter\"><span lang=\"EN-US\" style=\"font-size: 12.0pt; color: black;\">La Plateforme conserve vos donn\u00e9es pour la dur\u00e9e n\u00e9cessaire pour vous fournir ses services ou son\u00a0assistance.\u00a0<\/span><\/span><\/p>\n<p class=\"htmlGeneratedp\"><span class=\"htmlGeneratedanyCharacter\"><span lang=\"EN-US\" style=\"font-size: 12.0pt; color: black;\">Dans la mesure raisonnablement n\u00e9cessaire ou requise pour satisfaire aux obligations l\u00e9gales ou r\u00e9glementaires, r\u00e9gler des litiges, emp\u00eacher les fraudes et abus ou appliquer nos modalit\u00e9s et conditions.<\/span><\/span><\/p>\n<p class=\"htmlGeneratedp\"><span lang=\"EN-US\">\u00a0<\/span><\/p>\n<p class=\"htmlGeneratedp\"><span class=\"htmlGeneratedanyCharacter\"><b><span lang=\"EN-US\" style=\"font-size: 12.0pt; color: black;\">Article 11- Partage des donn\u00e9es personnelles avec des tiers<\/span><\/b><\/span><\/p>\n<p class=\"htmlGeneratedp\"><span lang=\"EN-US\">\u00a0<\/span><span class=\"htmlGeneratedanyCharacter\"><b><span lang=\"EN-US\" style=\"font-size: 12.0pt; color: black;\">Article 12\u00a0&#8211; Offres commerciales<\/span><\/b><\/span><\/p>\n<p class=\"htmlGeneratedp\"><span lang=\"EN-US\">\u00a0<\/span><span class=\"htmlGeneratedanyCharacter\"><span lang=\"EN-US\" style=\"font-size: 12.0pt; color: black;\">Si, lors de la consultation du site, vous acc\u00e9dez \u00e0 des donn\u00e9es \u00e0 caract\u00e8re personnel, vous devez vous abstenir de toute collecte, de toute utilisation non autoris\u00e9e et de tout acte pouvant constituer une atteinte \u00e0 la vie priv\u00e9e ou \u00e0 la r\u00e9putation des personnes. L&rsquo;\u00e9diteur d\u00e9cline toute responsabilit\u00e9 \u00e0 cet \u00e9gard.<\/span><\/span><\/p>\n<p class=\"htmlGeneratedp\"><span class=\"htmlGeneratedanyCharacter\"><span lang=\"EN-US\" style=\"font-size: 12.0pt; color: black;\">Les donn\u00e9es sont conserv\u00e9es et utilis\u00e9es pour une dur\u00e9e conforme \u00e0 la l\u00e9gislation en vigueur.<\/span><\/span><\/p>\n<p class=\"htmlGeneratedp\"><span lang=\"EN-US\"><br \/>\n<\/span><span class=\"htmlGeneratedanyCharacter\"><b><span lang=\"EN-US\" style=\"font-size: 12.0pt; color: black;\">Article 13\u00a0&#8211;\u00a0Cookies<\/span><\/b><\/span><span class=\"htmlGeneratedanyCharacter\"><span lang=\"EN-US\" style=\"font-size: 12.0pt; color: black;\">\u00a0<\/span><\/span><\/p>\n<p class=\"htmlGeneratedp\"><span lang=\"EN-US\">\u00a0<\/span><span class=\"htmlGeneratedanyCharacter\"><span lang=\"EN-US\" style=\"font-size: 12.0pt; color: black;\">Qu\u2019est-ce qu\u2019un \u00ab\u00a0cookie\u00a0\u00bb\u00a0?<\/span><\/span><\/p>\n<p class=\"htmlGeneratedp\"><span class=\"htmlGeneratedanyCharacter\"><span lang=\"EN-US\" style=\"font-size: 12.0pt; color: black;\">Un \u00ab\u00a0Cookie\u00a0\u00bb ou traceur est un fichier \u00e9lectronique d\u00e9pos\u00e9 sur un terminal (ordinateur, tablette, smartphone,\u2026) et lu par exemple lors de la consultation d&rsquo;un site internet, de la lecture d&rsquo;un courrier \u00e9lectronique, de l&rsquo;installation ou de l&rsquo;utilisation d&rsquo;un logiciel ou d&rsquo;une application mobile et ce, quel que soit le type de terminal utilis\u00e9\u00a0(source\u00a0:\u00a0<\/span><\/span><span lang=\"EN-US\"><a href=\"https:\/\/www.cnil.fr\/fr\/cookies-traceurs-que-dit-la-loi\"><span class=\"htmlGeneratedanyCharacter\"><span style=\"font-size: 12.0pt; color: black;\">https:\/\/www.cnil.fr\/fr\/cookies-traceurs-que-dit-la-loi<\/span><\/span><\/a><\/span><span class=\"htmlGeneratedanyCharacter\"><span lang=\"EN-US\" style=\"font-size: 12.0pt; color: black;\">).<\/span><\/span><\/p>\n<p class=\"htmlGeneratedp\"><span class=\"htmlGeneratedanyCharacter\"><span lang=\"EN-US\" style=\"font-size: 12.0pt; color: black;\">En naviguant sur ce site, des \u00ab\u00a0cookies\u00a0\u00bb \u00e9manant de la soci\u00e9t\u00e9 responsable du site concern\u00e9 et\/ou des soci\u00e9t\u00e9s tiers pourront \u00eatre d\u00e9pos\u00e9s sur votre terminal.<\/span><\/span><\/p>\n<p class=\"htmlGeneratedp\"><span class=\"htmlGeneratedanyCharacter\"><span lang=\"EN-US\" style=\"font-size: 12.0pt; color: black;\">Lors de la premi\u00e8re navigation sur ce site, une banni\u00e8re explicative sur l\u2019utilisation des \u00ab\u00a0cookies\u00a0\u00bb appara\u00eetra. D\u00e8s lors, en poursuivant la navigation, le client et\/ou prospect sera r\u00e9put\u00e9 inform\u00e9 et avoir accept\u00e9 l\u2019utilisation desdits \u00ab\u00a0cookies\u00a0\u00bb. Le consentement donn\u00e9 sera valable pour une p\u00e9riode de treize (13) mois.\u00a0L&rsquo;utilisateur a la possibilit\u00e9 de d\u00e9sactiver les cookies \u00e0 partir des param\u00e8tres de son navigateur.\u00a0<\/span><\/span><\/p>\n<p class=\"htmlGeneratedp\"><span lang=\"EN-US\">\u00a0<\/span><\/p>\n<p class=\"htmlGeneratedp\"><span class=\"htmlGeneratedanyCharacter\"><span lang=\"EN-US\" style=\"font-size: 12.0pt; color: black;\">Toutes les informations collect\u00e9es\u00a0ne seront utilis\u00e9es que pour suivre le volume, le type et la configuration du trafic utilisant ce site, pour en d\u00e9velopper la conception et l&rsquo;agencement et \u00e0 d&rsquo;autres fins administratives et de planification et plus g\u00e9n\u00e9ralement pour am\u00e9liorer le service que nous vous offrons.<\/span><\/span><\/p>\n<p class=\"htmlGeneratedp\"><span lang=\"EN-US\">\u00a0<\/span><\/p>\n<p class=\"htmlGeneratedp\"><span class=\"htmlGeneratedanyCharacter\"><span lang=\"EN-US\" style=\"font-size: 12.0pt; color: black;\">Les cookies suivants sont pr\u00e9sents sur ce site :\u00a0<\/span><\/span><\/p>\n<p class=\"htmlGeneratedp\"><span class=\"htmlGeneratedanyCharacter\"><b><span lang=\"EN-US\" style=\"font-size: 12.0pt; color: black;\">Cookies Google :<\/span><\/b><\/span><\/p>\n<p class=\"htmlGeneratedp\"><span class=\"htmlGeneratedanyCharacter\"><span lang=\"EN-US\" style=\"font-size: 12.0pt; color: black;\">&#8211; Google analytics : permet de mesurer l&rsquo;audience du site ;<br \/>\n&#8211; Google tag manager : facilite l\u2019impl\u00e9mentation des tags sur les pages et permet\u00a0de g\u00e9rer les balises Google ;<br \/>\n&#8211; Google Adsense : r\u00e9gie publicitaire de Google utilisant les sites web ou les vid\u00e9os YouTube comme support pour ses annonces ;<br \/>\n&#8211; Google Dynamic Remarketing : permet de vous proposer de la publicit\u00e9 dynamique en fonction des pr\u00e9c\u00e9dentes recherches ;<br \/>\n&#8211; Google Adwords Conversion : outil de suivi des campagnes publicitaires adwords.<\/span><\/span><\/p>\n<p class=\"htmlGeneratedp\"><span lang=\"EN-US\">\u00a0<\/span><span class=\"htmlGeneratedanyCharacter\"><span lang=\"EN-US\" style=\"font-size: 12.0pt; color: black;\">La\u00a0dur\u00e9e de vie de ces cookies est de treize mois.<\/span><\/span><\/p>\n<p class=\"htmlGeneratedp\"><span lang=\"EN-US\">\u00a0<\/span><\/p>\n<p class=\"htmlGeneratedp\"><span class=\"htmlGeneratedanyCharacter\"><span lang=\"EN-US\" style=\"font-size: 12.0pt; color: black;\">Pour plus d\u2019informations sur l\u2019utilisation, la gestion et la suppression des \u00ab\u00a0cookies\u00a0\u00bb, pour tout type de navigateur, nous vous invitons \u00e0 consulter le lien suivant\u00a0:\u00a0<\/span><\/span><span lang=\"EN-US\"><a href=\"https:\/\/www.cnil.fr\/fr\/cookies-les-outils-pour-les-maitriser\"><span class=\"htmlGeneratedanyCharacter\"><span style=\"font-size: 12.0pt; color: black;\">https:\/\/www.cnil.fr\/fr\/cookies-les-outils-pour-les-maitriser<\/span><\/span><\/a><\/span><span class=\"htmlGeneratedanyCharacter\"><span lang=\"EN-US\" style=\"font-size: 12.0pt; color: black;\">.<\/span><\/span><\/p>\n<p class=\"htmlGeneratedp\"><span lang=\"EN-US\"><br \/>\n<\/span><span class=\"htmlGeneratedanyCharacter\"><b><span lang=\"EN-US\" style=\"font-size: 12.0pt; color: black;\">Article 14\u00a0&#8211;\u00a0Photographies et repr\u00e9sentation des produits<\/span><\/b><\/span><\/p>\n<p class=\"htmlGeneratedp\"><span class=\"htmlGeneratedanyCharacter\"><span lang=\"EN-US\" style=\"font-size: 12.0pt; color: black;\">Les photographies de produits, accompagnant leur description, ne sont pas contractuelles et n&rsquo;engagent pas l&rsquo;\u00e9diteur.<\/span><\/span><\/p>\n<p class=\"htmlGeneratedp\"><span lang=\"EN-US\"><br \/>\n<\/span><span class=\"htmlGeneratedanyCharacter\"><b><span lang=\"EN-US\" style=\"font-size: 12.0pt; color: black;\">Article 15\u00a0&#8211;\u00a0Loi applicable<\/span><\/b><\/span><\/p>\n<p class=\"htmlGeneratedp\"><span class=\"htmlGeneratedanyCharacter\"><span lang=\"EN-US\" style=\"font-size: 12.0pt; color: black;\">Les pr\u00e9sentes conditions d&rsquo;utilisation du site sont r\u00e9gies par la loi fran\u00e7aise et soumises \u00e0 la comp\u00e9tence des tribunaux du si\u00e8ge social de l&rsquo;\u00e9diteur, sous r\u00e9serve d&rsquo;une attribution de comp\u00e9tence sp\u00e9cifique d\u00e9coulant d&rsquo;un texte de loi ou r\u00e9glementaire particulier.<\/span><\/span><\/p>\n<p class=\"htmlGeneratedp\"><span lang=\"EN-US\"><br \/>\n<\/span><span class=\"htmlGeneratedanyCharacter\"><b><span lang=\"EN-US\" style=\"font-size: 12.0pt; color: black;\">Article 16\u00a0&#8211;\u00a0Contactez-nous<\/span><\/b><\/span><\/p>\n<p class=\"htmlGeneratedp\"><span class=\"htmlGeneratedanyCharacter\"><span lang=\"EN-US\" style=\"font-size: 12.0pt; color: black;\">Pour toute question, information sur les produits pr\u00e9sent\u00e9s sur le site, ou concernant le site lui-m\u00eame, vous pouvez laisser un message \u00e0 l&rsquo;adresse suivante : contact@hmcc.fr.\u00a0 \u00a0 \u00a0<\/span><\/span><\/p>\n<p class=\"htmlGeneratedp\"><span lang=\"EN-US\">\u00a0<\/span><\/p>\n<\/div><\/section><\/div>\n","protected":false},"excerpt":{"rendered":"","protected":false},"author":1,"featured_media":0,"parent":0,"menu_order":0,"comment_status":"closed","ping_status":"closed","template":"","meta":{"footnotes":""},"class_list":["post-3204","page","type-page","status-publish","hentry"],"_links":{"self":[{"href":"https:\/\/hmcc.fr\/index.php?rest_route=\/wp\/v2\/pages\/3204","targetHints":{"allow":["GET"]}}],"collection":[{"href":"https:\/\/hmcc.fr\/index.php?rest_route=\/wp\/v2\/pages"}],"about":[{"href":"https:\/\/hmcc.fr\/index.php?rest_route=\/wp\/v2\/types\/page"}],"author":[{"embeddable":true,"href":"https:\/\/hmcc.fr\/index.php?rest_route=\/wp\/v2\/users\/1"}],"replies":[{"embeddable":true,"href":"https:\/\/hmcc.fr\/index.php?rest_route=%2Fwp%2Fv2%2Fcomments&post=3204"}],"version-history":[{"count":0,"href":"https:\/\/hmcc.fr\/index.php?rest_route=\/wp\/v2\/pages\/3204\/revisions"}],"wp:attachment":[{"href":"https:\/\/hmcc.fr\/index.php?rest_route=%2Fwp%2Fv2%2Fmedia&parent=3204"}],"curies":[{"name":"wp","href":"https:\/\/api.w.org\/{rel}","templated":true}]}}